{"id":10320,"date":"2023-11-04T10:44:59","date_gmt":"2023-11-04T15:44:59","guid":{"rendered":"https:\/\/fundacionsirenaica.org\/home\/?post_type=tribe_events&#038;p=10320"},"modified":"2023-11-04T10:50:10","modified_gmt":"2023-11-04T15:50:10","slug":"auditorio-camara-de-comercio-coro-voci-del-mare-coro-iuventus","status":"publish","type":"tribe_events","link":"https:\/\/fundacionsirenaica.org\/home\/evento\/auditorio-camara-de-comercio-coro-voci-del-mare-coro-iuventus\/","title":{"rendered":"\u00abConfluencia Coral: Voci del Mare e Iuventus, Unen Voces en Medell\u00edn\u00bb"},"content":{"rendered":"<p>\ud83c\udfb6 \u00a1Prep\u00e1rate para una noche m\u00e1gica llena de armon\u00eda musical! \ud83c\udfb5<\/p>\n<p>Por primera vez en Medell\u00edn, el Coro \u00abVoci del Mare\u00bb se une a \u00abIuventus\u00bb para ofrecer un concierto extraordinario. Dos coros excepcionales, un escenario inolvidable.<\/p>\n<p><strong>7 de noviembre a las\u00a0 7:00 pm<\/strong><\/p>\n<p><strong>Entrada libre<\/strong><\/p>\n<p><strong>Lugar<\/strong><\/p>\n<p>Auditorio de la c\u00e1mara de comercio de Medell\u00edn &#8211; sede centro.<\/p>\n<p><strong>Contacto:<\/strong> 604-444 9758<\/p>\n<p>&nbsp;<\/p>\n","protected":false},"excerpt":{"rendered":"<p>\ud83c\udfb6 \u00a1Prep\u00e1rate para una noche m\u00e1gica llena de armon\u00eda musical! \ud83c\udfb5 Por primera vez en Medell\u00edn, el Coro \u00abVoci del Mare\u00bb se une a \u00abIuventus\u00bb para ofrecer un concierto extraordinario. Dos coros excepcionales, un escenario inolvidable. 7 de noviembre a las\u00a0 7:00 pm Entrada libre Lugar Auditorio de la c\u00e1mara de comercio de Medell\u00edn &#8211; sede centro. Contacto: 604-444 9758 &nbsp;<\/p>\n","protected":false},"author":9,"featured_media":10321,"template":"","meta":{"_tribe_events_status":"","_tribe_events_status_reason":"","footnotes":""},"tags":[146,137,143,145],"tribe_events_cat":[31,136],"class_list":["post-10320","tribe_events","type-tribe_events","status-publish","has-post-thumbnail","hentry","tag-camara-de-comercio","tag-coros","tag-entrada-libre","tag-noviembre","tribe_events_cat-conciertos","tribe_events_cat-eventos","cat_conciertos","cat_eventos"],"yoast_head":"<!-- This site is optimized with the Yoast SEO plugin v27.3 - https:\/\/yoast.com\/product\/yoast-seo-wordpress\/ -->\n<title>&quot;Confluencia Coral: Voci del Mare e Iuventus, Unen Voces en Medell\u00edn&quot; - Fundaci\u00f3n Sirenaica<\/title>\n<meta name=\"description\" content=\"Voci del Mare e Iuventus: dos coros, una velada \u00fanica. Experimenta la magia de la m\u00fasica coral en Medell\u00edn. \u00a1No te pierdas esta celebraci\u00f3n musical!\" \/>\n<meta name=\"robots\" content=\"index, follow, max-snippet:-1, max-image-preview:large, max-video-preview:-1\" \/>\n<link rel=\"canonical\" href=\"https:\/\/fundacionsirenaica.org\/home\/evento\/auditorio-camara-de-comercio-coro-voci-del-mare-coro-iuventus\/\" \/>\n<meta property=\"og:locale\" content=\"es_ES\" \/>\n<meta property=\"og:type\" content=\"article\" \/>\n<meta property=\"og:title\" content=\"&quot;Confluencia Coral: Voci del Mare e Iuventus, Unen Voces en Medell\u00edn&quot; - Fundaci\u00f3n Sirenaica\" \/>\n<meta property=\"og:description\" content=\"Voci del Mare e Iuventus: dos coros, una velada \u00fanica. Experimenta la magia de la m\u00fasica coral en Medell\u00edn. \u00a1No te pierdas esta celebraci\u00f3n musical!\" \/>\n<meta property=\"og:url\" content=\"https:\/\/fundacionsirenaica.org\/home\/evento\/auditorio-camara-de-comercio-coro-voci-del-mare-coro-iuventus\/\" \/>\n<meta property=\"og:site_name\" content=\"Fundaci\u00f3n Sirenaica\" \/>\n<meta property=\"article:modified_time\" content=\"2023-11-04T15:50:10+00:00\" \/>\n<meta property=\"og:image\" content=\"https:\/\/fundacionsirenaica.org\/home\/wp-content\/uploads\/2023\/11\/CoroCamaraVocidelMare-IuventusCamaradeComercio.jpeg\" \/>\n\t<meta property=\"og:image:width\" content=\"914\" \/>\n\t<meta property=\"og:image:height\" content=\"1280\" \/>\n\t<meta property=\"og:image:type\" content=\"image\/jpeg\" \/>\n<meta name=\"twitter:card\" content=\"summary_large_image\" \/>\n<meta name=\"twitter:label1\" content=\"Tiempo de lectura\" \/>\n\t<meta name=\"twitter:data1\" content=\"1 minuto\" \/>\n<script type=\"application\/ld+json\" class=\"yoast-schema-graph\">{\"@context\":\"https:\\\/\\\/schema.org\",\"@graph\":[{\"@type\":\"WebPage\",\"@id\":\"https:\\\/\\\/fundacionsirenaica.org\\\/home\\\/evento\\\/auditorio-camara-de-comercio-coro-voci-del-mare-coro-iuventus\\\/\",\"url\":\"https:\\\/\\\/fundacionsirenaica.org\\\/home\\\/evento\\\/auditorio-camara-de-comercio-coro-voci-del-mare-coro-iuventus\\\/\",\"name\":\"\\\"Confluencia Coral: Voci del Mare e Iuventus, Unen Voces en Medell\u00edn\\\" - Fundaci\u00f3n Sirenaica\",\"isPartOf\":{\"@id\":\"https:\\\/\\\/fundacionsirenaica.org\\\/home\\\/#website\"},\"primaryImageOfPage\":{\"@id\":\"https:\\\/\\\/fundacionsirenaica.org\\\/home\\\/evento\\\/auditorio-camara-de-comercio-coro-voci-del-mare-coro-iuventus\\\/#primaryimage\"},\"image\":{\"@id\":\"https:\\\/\\\/fundacionsirenaica.org\\\/home\\\/evento\\\/auditorio-camara-de-comercio-coro-voci-del-mare-coro-iuventus\\\/#primaryimage\"},\"thumbnailUrl\":\"https:\\\/\\\/fundacionsirenaica.org\\\/home\\\/wp-content\\\/uploads\\\/2023\\\/11\\\/CoroCamaraVocidelMare-IuventusCamaradeComercio.jpeg\",\"datePublished\":\"2023-11-04T15:44:59+00:00\",\"dateModified\":\"2023-11-04T15:50:10+00:00\",\"description\":\"Voci del Mare e Iuventus: dos coros, una velada \u00fanica. Experimenta la magia de la m\u00fasica coral en Medell\u00edn. \u00a1No te pierdas esta celebraci\u00f3n musical!\",\"breadcrumb\":{\"@id\":\"https:\\\/\\\/fundacionsirenaica.org\\\/home\\\/evento\\\/auditorio-camara-de-comercio-coro-voci-del-mare-coro-iuventus\\\/#breadcrumb\"},\"inLanguage\":\"es\",\"potentialAction\":[{\"@type\":\"ReadAction\",\"target\":[\"https:\\\/\\\/fundacionsirenaica.org\\\/home\\\/evento\\\/auditorio-camara-de-comercio-coro-voci-del-mare-coro-iuventus\\\/\"]}]},{\"@type\":\"ImageObject\",\"inLanguage\":\"es\",\"@id\":\"https:\\\/\\\/fundacionsirenaica.org\\\/home\\\/evento\\\/auditorio-camara-de-comercio-coro-voci-del-mare-coro-iuventus\\\/#primaryimage\",\"url\":\"https:\\\/\\\/fundacionsirenaica.org\\\/home\\\/wp-content\\\/uploads\\\/2023\\\/11\\\/CoroCamaraVocidelMare-IuventusCamaradeComercio.jpeg\",\"contentUrl\":\"https:\\\/\\\/fundacionsirenaica.org\\\/home\\\/wp-content\\\/uploads\\\/2023\\\/11\\\/CoroCamaraVocidelMare-IuventusCamaradeComercio.jpeg\",\"width\":914,\"height\":1280,\"caption\":\"CoroCamaraVocidelMare-Iuventus juntos en la Camara de Comercio de medellin el 7 de noviembre a la 7 pm\"},{\"@type\":\"BreadcrumbList\",\"@id\":\"https:\\\/\\\/fundacionsirenaica.org\\\/home\\\/evento\\\/auditorio-camara-de-comercio-coro-voci-del-mare-coro-iuventus\\\/#breadcrumb\",\"itemListElement\":[{\"@type\":\"ListItem\",\"position\":1,\"name\":\"Portada\",\"item\":\"https:\\\/\\\/fundacionsirenaica.org\\\/home\\\/\"},{\"@type\":\"ListItem\",\"position\":2,\"name\":\"Eventos\",\"item\":\"https:\\\/\\\/fundacionsirenaica.org\\\/home\\\/eventos\\\/\"},{\"@type\":\"ListItem\",\"position\":3,\"name\":\"&#8220;Confluencia Coral: Voci del Mare e Iuventus, Unen Voces en Medell\u00edn&#8221;\"}]},{\"@type\":\"WebSite\",\"@id\":\"https:\\\/\\\/fundacionsirenaica.org\\\/home\\\/#website\",\"url\":\"https:\\\/\\\/fundacionsirenaica.org\\\/home\\\/\",\"name\":\"Fundaci\u00f3n Sirenaica\",\"description\":\"\",\"publisher\":{\"@id\":\"https:\\\/\\\/fundacionsirenaica.org\\\/home\\\/#organization\"},\"potentialAction\":[{\"@type\":\"SearchAction\",\"target\":{\"@type\":\"EntryPoint\",\"urlTemplate\":\"https:\\\/\\\/fundacionsirenaica.org\\\/home\\\/?s={search_term_string}\"},\"query-input\":{\"@type\":\"PropertyValueSpecification\",\"valueRequired\":true,\"valueName\":\"search_term_string\"}}],\"inLanguage\":\"es\"},{\"@type\":\"Organization\",\"@id\":\"https:\\\/\\\/fundacionsirenaica.org\\\/home\\\/#organization\",\"name\":\"Fundaci\u00f3n Sirenaica\",\"url\":\"https:\\\/\\\/fundacionsirenaica.org\\\/home\\\/\",\"logo\":{\"@type\":\"ImageObject\",\"inLanguage\":\"es\",\"@id\":\"https:\\\/\\\/fundacionsirenaica.org\\\/home\\\/#\\\/schema\\\/logo\\\/image\\\/\",\"url\":\"https:\\\/\\\/fundacionsirenaica.org\\\/home\\\/wp-content\\\/uploads\\\/2024\\\/08\\\/Logo-Sireniaca-Nuevo.webp\",\"contentUrl\":\"https:\\\/\\\/fundacionsirenaica.org\\\/home\\\/wp-content\\\/uploads\\\/2024\\\/08\\\/Logo-Sireniaca-Nuevo.webp\",\"width\":800,\"height\":309,\"caption\":\"Fundaci\u00f3n Sirenaica\"},\"image\":{\"@id\":\"https:\\\/\\\/fundacionsirenaica.org\\\/home\\\/#\\\/schema\\\/logo\\\/image\\\/\"}}]}<\/script>\n<!-- \/ Yoast SEO plugin. -->","yoast_head_json":{"title":"\"Confluencia Coral: Voci del Mare e Iuventus, Unen Voces en Medell\u00edn\" - Fundaci\u00f3n Sirenaica","description":"Voci del Mare e Iuventus: dos coros, una velada \u00fanica. Experimenta la magia de la m\u00fasica coral en Medell\u00edn. \u00a1No te pierdas esta celebraci\u00f3n musical!","robots":{"index":"index","follow":"follow","max-snippet":"max-snippet:-1","max-image-preview":"max-image-preview:large","max-video-preview":"max-video-preview:-1"},"canonical":"https:\/\/fundacionsirenaica.org\/home\/evento\/auditorio-camara-de-comercio-coro-voci-del-mare-coro-iuventus\/","og_locale":"es_ES","og_type":"article","og_title":"\"Confluencia Coral: Voci del Mare e Iuventus, Unen Voces en Medell\u00edn\" - Fundaci\u00f3n Sirenaica","og_description":"Voci del Mare e Iuventus: dos coros, una velada \u00fanica. Experimenta la magia de la m\u00fasica coral en Medell\u00edn. \u00a1No te pierdas esta celebraci\u00f3n musical!","og_url":"https:\/\/fundacionsirenaica.org\/home\/evento\/auditorio-camara-de-comercio-coro-voci-del-mare-coro-iuventus\/","og_site_name":"Fundaci\u00f3n Sirenaica","article_modified_time":"2023-11-04T15:50:10+00:00","og_image":[{"width":914,"height":1280,"url":"https:\/\/fundacionsirenaica.org\/home\/wp-content\/uploads\/2023\/11\/CoroCamaraVocidelMare-IuventusCamaradeComercio.jpeg","type":"image\/jpeg"}],"twitter_card":"summary_large_image","twitter_misc":{"Tiempo de lectura":"1 minuto"},"schema":{"@context":"https:\/\/schema.org","@graph":[{"@type":"WebPage","@id":"https:\/\/fundacionsirenaica.org\/home\/evento\/auditorio-camara-de-comercio-coro-voci-del-mare-coro-iuventus\/","url":"https:\/\/fundacionsirenaica.org\/home\/evento\/auditorio-camara-de-comercio-coro-voci-del-mare-coro-iuventus\/","name":"\"Confluencia Coral: Voci del Mare e Iuventus, Unen Voces en Medell\u00edn\" - Fundaci\u00f3n Sirenaica","isPartOf":{"@id":"https:\/\/fundacionsirenaica.org\/home\/#website"},"primaryImageOfPage":{"@id":"https:\/\/fundacionsirenaica.org\/home\/evento\/auditorio-camara-de-comercio-coro-voci-del-mare-coro-iuventus\/#primaryimage"},"image":{"@id":"https:\/\/fundacionsirenaica.org\/home\/evento\/auditorio-camara-de-comercio-coro-voci-del-mare-coro-iuventus\/#primaryimage"},"thumbnailUrl":"https:\/\/fundacionsirenaica.org\/home\/wp-content\/uploads\/2023\/11\/CoroCamaraVocidelMare-IuventusCamaradeComercio.jpeg","datePublished":"2023-11-04T15:44:59+00:00","dateModified":"2023-11-04T15:50:10+00:00","description":"Voci del Mare e Iuventus: dos coros, una velada \u00fanica. Experimenta la magia de la m\u00fasica coral en Medell\u00edn. \u00a1No te pierdas esta celebraci\u00f3n musical!","breadcrumb":{"@id":"https:\/\/fundacionsirenaica.org\/home\/evento\/auditorio-camara-de-comercio-coro-voci-del-mare-coro-iuventus\/#breadcrumb"},"inLanguage":"es","potentialAction":[{"@type":"ReadAction","target":["https:\/\/fundacionsirenaica.org\/home\/evento\/auditorio-camara-de-comercio-coro-voci-del-mare-coro-iuventus\/"]}]},{"@type":"ImageObject","inLanguage":"es","@id":"https:\/\/fundacionsirenaica.org\/home\/evento\/auditorio-camara-de-comercio-coro-voci-del-mare-coro-iuventus\/#primaryimage","url":"https:\/\/fundacionsirenaica.org\/home\/wp-content\/uploads\/2023\/11\/CoroCamaraVocidelMare-IuventusCamaradeComercio.jpeg","contentUrl":"https:\/\/fundacionsirenaica.org\/home\/wp-content\/uploads\/2023\/11\/CoroCamaraVocidelMare-IuventusCamaradeComercio.jpeg","width":914,"height":1280,"caption":"CoroCamaraVocidelMare-Iuventus juntos en la Camara de Comercio de medellin el 7 de noviembre a la 7 pm"},{"@type":"BreadcrumbList","@id":"https:\/\/fundacionsirenaica.org\/home\/evento\/auditorio-camara-de-comercio-coro-voci-del-mare-coro-iuventus\/#breadcrumb","itemListElement":[{"@type":"ListItem","position":1,"name":"Portada","item":"https:\/\/fundacionsirenaica.org\/home\/"},{"@type":"ListItem","position":2,"name":"Eventos","item":"https:\/\/fundacionsirenaica.org\/home\/eventos\/"},{"@type":"ListItem","position":3,"name":"&#8220;Confluencia Coral: Voci del Mare e Iuventus, Unen Voces en Medell\u00edn&#8221;"}]},{"@type":"WebSite","@id":"https:\/\/fundacionsirenaica.org\/home\/#website","url":"https:\/\/fundacionsirenaica.org\/home\/","name":"Fundaci\u00f3n Sirenaica","description":"","publisher":{"@id":"https:\/\/fundacionsirenaica.org\/home\/#organization"},"potentialAction":[{"@type":"SearchAction","target":{"@type":"EntryPoint","urlTemplate":"https:\/\/fundacionsirenaica.org\/home\/?s={search_term_string}"},"query-input":{"@type":"PropertyValueSpecification","valueRequired":true,"valueName":"search_term_string"}}],"inLanguage":"es"},{"@type":"Organization","@id":"https:\/\/fundacionsirenaica.org\/home\/#organization","name":"Fundaci\u00f3n Sirenaica","url":"https:\/\/fundacionsirenaica.org\/home\/","logo":{"@type":"ImageObject","inLanguage":"es","@id":"https:\/\/fundacionsirenaica.org\/home\/#\/schema\/logo\/image\/","url":"https:\/\/fundacionsirenaica.org\/home\/wp-content\/uploads\/2024\/08\/Logo-Sireniaca-Nuevo.webp","contentUrl":"https:\/\/fundacionsirenaica.org\/home\/wp-content\/uploads\/2024\/08\/Logo-Sireniaca-Nuevo.webp","width":800,"height":309,"caption":"Fundaci\u00f3n Sirenaica"},"image":{"@id":"https:\/\/fundacionsirenaica.org\/home\/#\/schema\/logo\/image\/"}}]}},"_links":{"self":[{"href":"https:\/\/fundacionsirenaica.org\/home\/wp-json\/wp\/v2\/tribe_events\/10320","targetHints":{"allow":["GET"]}}],"collection":[{"href":"https:\/\/fundacionsirenaica.org\/home\/wp-json\/wp\/v2\/tribe_events"}],"about":[{"href":"https:\/\/fundacionsirenaica.org\/home\/wp-json\/wp\/v2\/types\/tribe_events"}],"author":[{"embeddable":true,"href":"https:\/\/fundacionsirenaica.org\/home\/wp-json\/wp\/v2\/users\/9"}],"version-history":[{"count":1,"href":"https:\/\/fundacionsirenaica.org\/home\/wp-json\/wp\/v2\/tribe_events\/10320\/revisions"}],"predecessor-version":[{"id":10322,"href":"https:\/\/fundacionsirenaica.org\/home\/wp-json\/wp\/v2\/tribe_events\/10320\/revisions\/10322"}],"wp:featuredmedia":[{"embeddable":true,"href":"https:\/\/fundacionsirenaica.org\/home\/wp-json\/wp\/v2\/media\/10321"}],"wp:attachment":[{"href":"https:\/\/fundacionsirenaica.org\/home\/wp-json\/wp\/v2\/media?parent=10320"}],"wp:term":[{"taxonomy":"post_tag","embeddable":true,"href":"https:\/\/fundacionsirenaica.org\/home\/wp-json\/wp\/v2\/tags?post=10320"},{"taxonomy":"tribe_events_cat","embeddable":true,"href":"https:\/\/fundacionsirenaica.org\/home\/wp-json\/wp\/v2\/tribe_events_cat?post=10320"}],"curies":[{"name":"wp","href":"https:\/\/api.w.org\/{rel}","templated":true}]}}