{"id":10315,"date":"2023-11-04T09:35:42","date_gmt":"2023-11-04T14:35:42","guid":{"rendered":"https:\/\/fundacionsirenaica.org\/home\/?post_type=tribe_events&#038;p=10315"},"modified":"2023-11-04T10:50:38","modified_gmt":"2023-11-04T15:50:38","slug":"palacio-bellas-artes-coro-voci-del-mare-coro-iuventus","status":"publish","type":"tribe_events","link":"https:\/\/fundacionsirenaica.org\/home\/evento\/palacio-bellas-artes-coro-voci-del-mare-coro-iuventus\/","title":{"rendered":"Unidos por la M\u00fasica: Coro Voci del Mare y Coro Iuventus"},"content":{"rendered":"<p>\u00a1\u00danete a un emocionante encuentro musical en Medell\u00edn! Descubre la magia de la m\u00fasica coral universal con el Coro Voci del Mare y el Coro Iuventus.<\/p>\n<p><strong>Noviembre 7 a las\u00a0 3:00 pm<\/strong><\/p>\n<p><strong>Entrada libre<\/strong><\/p>\n<p><strong>Lugar<\/strong><\/p>\n<p>Palacio de Bellas Artes, sala Beethoven contacto (604) 2291400<\/p>\n","protected":false},"excerpt":{"rendered":"<p>\u00a1\u00danete a un emocionante encuentro musical en Medell\u00edn! Descubre la magia de la m\u00fasica coral universal con el Coro Voci del Mare y el Coro Iuventus. Noviembre 7 a las\u00a0 3:00 pm Entrada libre Lugar Palacio de Bellas Artes, sala Beethoven contacto (604) 2291400<\/p>\n","protected":false},"author":9,"featured_media":10316,"template":"","meta":{"_tribe_events_status":"","_tribe_events_status_reason":"","footnotes":""},"tags":[144,137,143,145],"tribe_events_cat":[31,136],"class_list":["post-10315","tribe_events","type-tribe_events","status-publish","has-post-thumbnail","hentry","tag-bellas-artes","tag-coros","tag-entrada-libre","tag-noviembre","tribe_events_cat-conciertos","tribe_events_cat-eventos","cat_conciertos","cat_eventos"],"yoast_head":"<!-- This site is optimized with the Yoast SEO plugin v27.3 - https:\/\/yoast.com\/product\/yoast-seo-wordpress\/ -->\n<title>Unidos por la M\u00fasica: Coro Voci del Mare y Coro Iuventus - Fundaci\u00f3n Sirenaica<\/title>\n<meta name=\"description\" content=\"Coro de c\u00e1mara Voci del Mare y Coro Iuventus \u00a1Prep\u00e1rate para una tarde de magia musical en el Palacio de Bellas Artes! \u00danete a nosotros y sum\u00e9rgete en armon\u00edas inolvidables. \u00a1No te lo pierdas!\" \/>\n<meta name=\"robots\" content=\"index, follow, max-snippet:-1, max-image-preview:large, max-video-preview:-1\" \/>\n<link rel=\"canonical\" href=\"https:\/\/fundacionsirenaica.org\/home\/evento\/palacio-bellas-artes-coro-voci-del-mare-coro-iuventus\/\" \/>\n<meta property=\"og:locale\" content=\"es_ES\" \/>\n<meta property=\"og:type\" content=\"article\" \/>\n<meta property=\"og:title\" content=\"Unidos por la M\u00fasica: Coro Voci del Mare y Coro Iuventus - Fundaci\u00f3n Sirenaica\" \/>\n<meta property=\"og:description\" content=\"Coro de c\u00e1mara Voci del Mare y Coro Iuventus \u00a1Prep\u00e1rate para una tarde de magia musical en el Palacio de Bellas Artes! \u00danete a nosotros y sum\u00e9rgete en armon\u00edas inolvidables. \u00a1No te lo pierdas!\" \/>\n<meta property=\"og:url\" content=\"https:\/\/fundacionsirenaica.org\/home\/evento\/palacio-bellas-artes-coro-voci-del-mare-coro-iuventus\/\" \/>\n<meta property=\"og:site_name\" content=\"Fundaci\u00f3n Sirenaica\" \/>\n<meta property=\"article:modified_time\" content=\"2023-11-04T15:50:38+00:00\" \/>\n<meta property=\"og:image\" content=\"https:\/\/fundacionsirenaica.org\/home\/wp-content\/uploads\/2023\/11\/CoroCamaraVocidelMare-Iuventus.jpeg\" \/>\n\t<meta property=\"og:image:width\" content=\"1080\" \/>\n\t<meta property=\"og:image:height\" content=\"1080\" \/>\n\t<meta property=\"og:image:type\" content=\"image\/jpeg\" \/>\n<meta name=\"twitter:card\" content=\"summary_large_image\" \/>\n<meta name=\"twitter:label1\" content=\"Tiempo de lectura\" \/>\n\t<meta name=\"twitter:data1\" content=\"1 minuto\" \/>\n<script type=\"application\/ld+json\" class=\"yoast-schema-graph\">{\"@context\":\"https:\\\/\\\/schema.org\",\"@graph\":[{\"@type\":\"WebPage\",\"@id\":\"https:\\\/\\\/fundacionsirenaica.org\\\/home\\\/evento\\\/palacio-bellas-artes-coro-voci-del-mare-coro-iuventus\\\/\",\"url\":\"https:\\\/\\\/fundacionsirenaica.org\\\/home\\\/evento\\\/palacio-bellas-artes-coro-voci-del-mare-coro-iuventus\\\/\",\"name\":\"Unidos por la M\u00fasica: Coro Voci del Mare y Coro Iuventus - Fundaci\u00f3n Sirenaica\",\"isPartOf\":{\"@id\":\"https:\\\/\\\/fundacionsirenaica.org\\\/home\\\/#website\"},\"primaryImageOfPage\":{\"@id\":\"https:\\\/\\\/fundacionsirenaica.org\\\/home\\\/evento\\\/palacio-bellas-artes-coro-voci-del-mare-coro-iuventus\\\/#primaryimage\"},\"image\":{\"@id\":\"https:\\\/\\\/fundacionsirenaica.org\\\/home\\\/evento\\\/palacio-bellas-artes-coro-voci-del-mare-coro-iuventus\\\/#primaryimage\"},\"thumbnailUrl\":\"https:\\\/\\\/fundacionsirenaica.org\\\/home\\\/wp-content\\\/uploads\\\/2023\\\/11\\\/CoroCamaraVocidelMare-Iuventus.jpeg\",\"datePublished\":\"2023-11-04T14:35:42+00:00\",\"dateModified\":\"2023-11-04T15:50:38+00:00\",\"description\":\"Coro de c\u00e1mara Voci del Mare y Coro Iuventus \u00a1Prep\u00e1rate para una tarde de magia musical en el Palacio de Bellas Artes! \u00danete a nosotros y sum\u00e9rgete en armon\u00edas inolvidables. \u00a1No te lo pierdas!\",\"breadcrumb\":{\"@id\":\"https:\\\/\\\/fundacionsirenaica.org\\\/home\\\/evento\\\/palacio-bellas-artes-coro-voci-del-mare-coro-iuventus\\\/#breadcrumb\"},\"inLanguage\":\"es\",\"potentialAction\":[{\"@type\":\"ReadAction\",\"target\":[\"https:\\\/\\\/fundacionsirenaica.org\\\/home\\\/evento\\\/palacio-bellas-artes-coro-voci-del-mare-coro-iuventus\\\/\"]}]},{\"@type\":\"ImageObject\",\"inLanguage\":\"es\",\"@id\":\"https:\\\/\\\/fundacionsirenaica.org\\\/home\\\/evento\\\/palacio-bellas-artes-coro-voci-del-mare-coro-iuventus\\\/#primaryimage\",\"url\":\"https:\\\/\\\/fundacionsirenaica.org\\\/home\\\/wp-content\\\/uploads\\\/2023\\\/11\\\/CoroCamaraVocidelMare-Iuventus.jpeg\",\"contentUrl\":\"https:\\\/\\\/fundacionsirenaica.org\\\/home\\\/wp-content\\\/uploads\\\/2023\\\/11\\\/CoroCamaraVocidelMare-Iuventus.jpeg\",\"width\":1080,\"height\":1080,\"caption\":\"Coro Camara Voci del Mare y coro Iuventus uniendo voces el 7 de noviembre\"},{\"@type\":\"BreadcrumbList\",\"@id\":\"https:\\\/\\\/fundacionsirenaica.org\\\/home\\\/evento\\\/palacio-bellas-artes-coro-voci-del-mare-coro-iuventus\\\/#breadcrumb\",\"itemListElement\":[{\"@type\":\"ListItem\",\"position\":1,\"name\":\"Portada\",\"item\":\"https:\\\/\\\/fundacionsirenaica.org\\\/home\\\/\"},{\"@type\":\"ListItem\",\"position\":2,\"name\":\"Eventos\",\"item\":\"https:\\\/\\\/fundacionsirenaica.org\\\/home\\\/eventos\\\/\"},{\"@type\":\"ListItem\",\"position\":3,\"name\":\"Unidos por la M\u00fasica: Coro Voci del Mare y Coro Iuventus\"}]},{\"@type\":\"WebSite\",\"@id\":\"https:\\\/\\\/fundacionsirenaica.org\\\/home\\\/#website\",\"url\":\"https:\\\/\\\/fundacionsirenaica.org\\\/home\\\/\",\"name\":\"Fundaci\u00f3n Sirenaica\",\"description\":\"\",\"publisher\":{\"@id\":\"https:\\\/\\\/fundacionsirenaica.org\\\/home\\\/#organization\"},\"potentialAction\":[{\"@type\":\"SearchAction\",\"target\":{\"@type\":\"EntryPoint\",\"urlTemplate\":\"https:\\\/\\\/fundacionsirenaica.org\\\/home\\\/?s={search_term_string}\"},\"query-input\":{\"@type\":\"PropertyValueSpecification\",\"valueRequired\":true,\"valueName\":\"search_term_string\"}}],\"inLanguage\":\"es\"},{\"@type\":\"Organization\",\"@id\":\"https:\\\/\\\/fundacionsirenaica.org\\\/home\\\/#organization\",\"name\":\"Fundaci\u00f3n Sirenaica\",\"url\":\"https:\\\/\\\/fundacionsirenaica.org\\\/home\\\/\",\"logo\":{\"@type\":\"ImageObject\",\"inLanguage\":\"es\",\"@id\":\"https:\\\/\\\/fundacionsirenaica.org\\\/home\\\/#\\\/schema\\\/logo\\\/image\\\/\",\"url\":\"https:\\\/\\\/fundacionsirenaica.org\\\/home\\\/wp-content\\\/uploads\\\/2024\\\/08\\\/Logo-Sireniaca-Nuevo.webp\",\"contentUrl\":\"https:\\\/\\\/fundacionsirenaica.org\\\/home\\\/wp-content\\\/uploads\\\/2024\\\/08\\\/Logo-Sireniaca-Nuevo.webp\",\"width\":800,\"height\":309,\"caption\":\"Fundaci\u00f3n Sirenaica\"},\"image\":{\"@id\":\"https:\\\/\\\/fundacionsirenaica.org\\\/home\\\/#\\\/schema\\\/logo\\\/image\\\/\"}}]}<\/script>\n<!-- \/ Yoast SEO plugin. -->","yoast_head_json":{"title":"Unidos por la M\u00fasica: Coro Voci del Mare y Coro Iuventus - Fundaci\u00f3n Sirenaica","description":"Coro de c\u00e1mara Voci del Mare y Coro Iuventus \u00a1Prep\u00e1rate para una tarde de magia musical en el Palacio de Bellas Artes! \u00danete a nosotros y sum\u00e9rgete en armon\u00edas inolvidables. \u00a1No te lo pierdas!","robots":{"index":"index","follow":"follow","max-snippet":"max-snippet:-1","max-image-preview":"max-image-preview:large","max-video-preview":"max-video-preview:-1"},"canonical":"https:\/\/fundacionsirenaica.org\/home\/evento\/palacio-bellas-artes-coro-voci-del-mare-coro-iuventus\/","og_locale":"es_ES","og_type":"article","og_title":"Unidos por la M\u00fasica: Coro Voci del Mare y Coro Iuventus - Fundaci\u00f3n Sirenaica","og_description":"Coro de c\u00e1mara Voci del Mare y Coro Iuventus \u00a1Prep\u00e1rate para una tarde de magia musical en el Palacio de Bellas Artes! \u00danete a nosotros y sum\u00e9rgete en armon\u00edas inolvidables. \u00a1No te lo pierdas!","og_url":"https:\/\/fundacionsirenaica.org\/home\/evento\/palacio-bellas-artes-coro-voci-del-mare-coro-iuventus\/","og_site_name":"Fundaci\u00f3n Sirenaica","article_modified_time":"2023-11-04T15:50:38+00:00","og_image":[{"width":1080,"height":1080,"url":"https:\/\/fundacionsirenaica.org\/home\/wp-content\/uploads\/2023\/11\/CoroCamaraVocidelMare-Iuventus.jpeg","type":"image\/jpeg"}],"twitter_card":"summary_large_image","twitter_misc":{"Tiempo de lectura":"1 minuto"},"schema":{"@context":"https:\/\/schema.org","@graph":[{"@type":"WebPage","@id":"https:\/\/fundacionsirenaica.org\/home\/evento\/palacio-bellas-artes-coro-voci-del-mare-coro-iuventus\/","url":"https:\/\/fundacionsirenaica.org\/home\/evento\/palacio-bellas-artes-coro-voci-del-mare-coro-iuventus\/","name":"Unidos por la M\u00fasica: Coro Voci del Mare y Coro Iuventus - Fundaci\u00f3n Sirenaica","isPartOf":{"@id":"https:\/\/fundacionsirenaica.org\/home\/#website"},"primaryImageOfPage":{"@id":"https:\/\/fundacionsirenaica.org\/home\/evento\/palacio-bellas-artes-coro-voci-del-mare-coro-iuventus\/#primaryimage"},"image":{"@id":"https:\/\/fundacionsirenaica.org\/home\/evento\/palacio-bellas-artes-coro-voci-del-mare-coro-iuventus\/#primaryimage"},"thumbnailUrl":"https:\/\/fundacionsirenaica.org\/home\/wp-content\/uploads\/2023\/11\/CoroCamaraVocidelMare-Iuventus.jpeg","datePublished":"2023-11-04T14:35:42+00:00","dateModified":"2023-11-04T15:50:38+00:00","description":"Coro de c\u00e1mara Voci del Mare y Coro Iuventus \u00a1Prep\u00e1rate para una tarde de magia musical en el Palacio de Bellas Artes! \u00danete a nosotros y sum\u00e9rgete en armon\u00edas inolvidables. \u00a1No te lo pierdas!","breadcrumb":{"@id":"https:\/\/fundacionsirenaica.org\/home\/evento\/palacio-bellas-artes-coro-voci-del-mare-coro-iuventus\/#breadcrumb"},"inLanguage":"es","potentialAction":[{"@type":"ReadAction","target":["https:\/\/fundacionsirenaica.org\/home\/evento\/palacio-bellas-artes-coro-voci-del-mare-coro-iuventus\/"]}]},{"@type":"ImageObject","inLanguage":"es","@id":"https:\/\/fundacionsirenaica.org\/home\/evento\/palacio-bellas-artes-coro-voci-del-mare-coro-iuventus\/#primaryimage","url":"https:\/\/fundacionsirenaica.org\/home\/wp-content\/uploads\/2023\/11\/CoroCamaraVocidelMare-Iuventus.jpeg","contentUrl":"https:\/\/fundacionsirenaica.org\/home\/wp-content\/uploads\/2023\/11\/CoroCamaraVocidelMare-Iuventus.jpeg","width":1080,"height":1080,"caption":"Coro Camara Voci del Mare y coro Iuventus uniendo voces el 7 de noviembre"},{"@type":"BreadcrumbList","@id":"https:\/\/fundacionsirenaica.org\/home\/evento\/palacio-bellas-artes-coro-voci-del-mare-coro-iuventus\/#breadcrumb","itemListElement":[{"@type":"ListItem","position":1,"name":"Portada","item":"https:\/\/fundacionsirenaica.org\/home\/"},{"@type":"ListItem","position":2,"name":"Eventos","item":"https:\/\/fundacionsirenaica.org\/home\/eventos\/"},{"@type":"ListItem","position":3,"name":"Unidos por la M\u00fasica: Coro Voci del Mare y Coro Iuventus"}]},{"@type":"WebSite","@id":"https:\/\/fundacionsirenaica.org\/home\/#website","url":"https:\/\/fundacionsirenaica.org\/home\/","name":"Fundaci\u00f3n Sirenaica","description":"","publisher":{"@id":"https:\/\/fundacionsirenaica.org\/home\/#organization"},"potentialAction":[{"@type":"SearchAction","target":{"@type":"EntryPoint","urlTemplate":"https:\/\/fundacionsirenaica.org\/home\/?s={search_term_string}"},"query-input":{"@type":"PropertyValueSpecification","valueRequired":true,"valueName":"search_term_string"}}],"inLanguage":"es"},{"@type":"Organization","@id":"https:\/\/fundacionsirenaica.org\/home\/#organization","name":"Fundaci\u00f3n Sirenaica","url":"https:\/\/fundacionsirenaica.org\/home\/","logo":{"@type":"ImageObject","inLanguage":"es","@id":"https:\/\/fundacionsirenaica.org\/home\/#\/schema\/logo\/image\/","url":"https:\/\/fundacionsirenaica.org\/home\/wp-content\/uploads\/2024\/08\/Logo-Sireniaca-Nuevo.webp","contentUrl":"https:\/\/fundacionsirenaica.org\/home\/wp-content\/uploads\/2024\/08\/Logo-Sireniaca-Nuevo.webp","width":800,"height":309,"caption":"Fundaci\u00f3n Sirenaica"},"image":{"@id":"https:\/\/fundacionsirenaica.org\/home\/#\/schema\/logo\/image\/"}}]}},"_links":{"self":[{"href":"https:\/\/fundacionsirenaica.org\/home\/wp-json\/wp\/v2\/tribe_events\/10315","targetHints":{"allow":["GET"]}}],"collection":[{"href":"https:\/\/fundacionsirenaica.org\/home\/wp-json\/wp\/v2\/tribe_events"}],"about":[{"href":"https:\/\/fundacionsirenaica.org\/home\/wp-json\/wp\/v2\/types\/tribe_events"}],"author":[{"embeddable":true,"href":"https:\/\/fundacionsirenaica.org\/home\/wp-json\/wp\/v2\/users\/9"}],"version-history":[{"count":1,"href":"https:\/\/fundacionsirenaica.org\/home\/wp-json\/wp\/v2\/tribe_events\/10315\/revisions"}],"predecessor-version":[{"id":10317,"href":"https:\/\/fundacionsirenaica.org\/home\/wp-json\/wp\/v2\/tribe_events\/10315\/revisions\/10317"}],"wp:featuredmedia":[{"embeddable":true,"href":"https:\/\/fundacionsirenaica.org\/home\/wp-json\/wp\/v2\/media\/10316"}],"wp:attachment":[{"href":"https:\/\/fundacionsirenaica.org\/home\/wp-json\/wp\/v2\/media?parent=10315"}],"wp:term":[{"taxonomy":"post_tag","embeddable":true,"href":"https:\/\/fundacionsirenaica.org\/home\/wp-json\/wp\/v2\/tags?post=10315"},{"taxonomy":"tribe_events_cat","embeddable":true,"href":"https:\/\/fundacionsirenaica.org\/home\/wp-json\/wp\/v2\/tribe_events_cat?post=10315"}],"curies":[{"name":"wp","href":"https:\/\/api.w.org\/{rel}","templated":true}]}}