{"id":8470,"date":"2020-06-06T10:33:24","date_gmt":"2020-06-06T15:33:24","guid":{"rendered":"https:\/\/fundacionsirenaica.org\/home\/?page_id=8470"},"modified":"2024-09-20T17:53:54","modified_gmt":"2024-09-20T22:53:54","slug":"nuestro-portafolio","status":"publish","type":"page","link":"https:\/\/fundacionsirenaica.org\/home\/nuestro-portafolio\/","title":{"rendered":"Portafolio"},"content":{"rendered":"\t\t<div data-elementor-type=\"wp-page\" data-elementor-id=\"8470\" class=\"elementor elementor-8470\" data-elementor-post-type=\"page\">\n\t\t\t\t\t\t<section class=\"elementor-section elementor-top-section elementor-element elementor-element-025af3a elementor-section-boxed elementor-section-height-default elementor-section-height-default wpr-particle-no wpr-jarallax-no wpr-parallax-no wpr-sticky-section-no\" data-id=\"025af3a\" data-element_type=\"section\" data-e-type=\"section\" data-settings=\"{&quot;background_background&quot;:&quot;classic&quot;}\">\n\t\t\t\t\t\t<div class=\"elementor-container elementor-column-gap-default\">\n\t\t\t\t\t<div class=\"elementor-column elementor-col-100 elementor-top-column elementor-element elementor-element-d7132d5\" data-id=\"d7132d5\" data-element_type=\"column\" data-e-type=\"column\">\n\t\t\t<div class=\"elementor-widget-wrap elementor-element-populated\">\n\t\t\t\t\t\t<section class=\"elementor-section elementor-inner-section elementor-element elementor-element-85e4510 elementor-reverse-mobile elementor-section-boxed elementor-section-height-default elementor-section-height-default wpr-particle-no wpr-jarallax-no wpr-parallax-no wpr-sticky-section-no\" data-id=\"85e4510\" data-element_type=\"section\" data-e-type=\"section\">\n\t\t\t\t\t\t<div class=\"elementor-container elementor-column-gap-default\">\n\t\t\t\t\t<div class=\"elementor-column elementor-col-50 elementor-inner-column elementor-element elementor-element-3eafab2\" data-id=\"3eafab2\" data-element_type=\"column\" data-e-type=\"column\">\n\t\t\t<div class=\"elementor-widget-wrap elementor-element-populated\">\n\t\t\t\t\t\t<div class=\"elementor-element elementor-element-600dc56 elementor-widget elementor-widget-image\" data-id=\"600dc56\" data-element_type=\"widget\" data-e-type=\"widget\" data-widget_type=\"image.default\">\n\t\t\t\t<div class=\"elementor-widget-container\">\n\t\t\t\t\t\t\t\t\t\t\t\t\t\t\t<img fetchpriority=\"high\" decoding=\"async\" width=\"300\" height=\"272\" src=\"https:\/\/fundacionsirenaica.org\/home\/wp-content\/uploads\/2022\/08\/portafolio-300x272.png\" class=\"attachment-medium size-medium wp-image-9261\" alt=\"\" srcset=\"https:\/\/fundacionsirenaica.org\/home\/wp-content\/uploads\/2022\/08\/portafolio-300x272.png 300w, https:\/\/fundacionsirenaica.org\/home\/wp-content\/uploads\/2022\/08\/portafolio.png 500w\" sizes=\"(max-width: 300px) 100vw, 300px\" \/>\t\t\t\t\t\t\t\t\t\t\t\t\t\t\t<\/div>\n\t\t\t\t<\/div>\n\t\t\t\t<div class=\"elementor-element elementor-element-0346447 elementor-widget elementor-widget-image\" data-id=\"0346447\" data-element_type=\"widget\" data-e-type=\"widget\" data-widget_type=\"image.default\">\n\t\t\t\t<div class=\"elementor-widget-container\">\n\t\t\t\t\t\t\t\t\t\t\t\t\t\t\t<img decoding=\"async\" width=\"500\" height=\"235\" src=\"https:\/\/fundacionsirenaica.org\/home\/wp-content\/uploads\/2022\/08\/Tipo-Logo.png\" class=\"attachment-medium_large size-medium_large wp-image-9262\" alt=\"\" srcset=\"https:\/\/fundacionsirenaica.org\/home\/wp-content\/uploads\/2022\/08\/Tipo-Logo.png 500w, https:\/\/fundacionsirenaica.org\/home\/wp-content\/uploads\/2022\/08\/Tipo-Logo-300x141.png 300w\" sizes=\"(max-width: 500px) 100vw, 500px\" \/>\t\t\t\t\t\t\t\t\t\t\t\t\t\t\t<\/div>\n\t\t\t\t<\/div>\n\t\t\t\t\t<\/div>\n\t\t<\/div>\n\t\t\t\t<div class=\"elementor-column elementor-col-50 elementor-inner-column elementor-element elementor-element-4c38335\" data-id=\"4c38335\" data-element_type=\"column\" data-e-type=\"column\">\n\t\t\t<div class=\"elementor-widget-wrap elementor-element-populated\">\n\t\t\t\t\t\t<div class=\"elementor-element elementor-element-440bb85 elementor-widget elementor-widget-image\" data-id=\"440bb85\" data-element_type=\"widget\" data-e-type=\"widget\" data-widget_type=\"image.default\">\n\t\t\t\t<div class=\"elementor-widget-container\">\n\t\t\t\t\t\t\t\t\t\t\t\t\t\t\t<img decoding=\"async\" src=\"https:\/\/fundacionsirenaica.org\/home\/wp-content\/uploads\/elementor\/thumbs\/FotoCoro1-pt2lo6nfm5bezt7cbcv3mouxonm13ud6whbpjr4dcw.jpg\" title=\"FotoCoro1\" alt=\"FotoCoro1\" loading=\"lazy\" \/>\t\t\t\t\t\t\t\t\t\t\t\t\t\t\t<\/div>\n\t\t\t\t<\/div>\n\t\t\t\t\t<\/div>\n\t\t<\/div>\n\t\t\t\t\t<\/div>\n\t\t<\/section>\n\t\t\t\t\t<\/div>\n\t\t<\/div>\n\t\t\t\t\t<\/div>\n\t\t<\/section>\n\t\t\t\t<section class=\"elementor-section elementor-top-section elementor-element elementor-element-dec1794 elementor-section-boxed elementor-section-height-default elementor-section-height-default wpr-particle-no wpr-jarallax-no wpr-parallax-no wpr-sticky-section-no\" data-id=\"dec1794\" data-element_type=\"section\" data-e-type=\"section\" data-settings=\"{&quot;background_background&quot;:&quot;classic&quot;}\">\n\t\t\t\t\t\t<div class=\"elementor-container elementor-column-gap-default\">\n\t\t\t\t\t<div class=\"elementor-column elementor-col-100 elementor-top-column elementor-element elementor-element-17702ed\" data-id=\"17702ed\" data-element_type=\"column\" data-e-type=\"column\">\n\t\t\t<div class=\"elementor-widget-wrap elementor-element-populated\">\n\t\t\t\t\t\t<section class=\"elementor-section elementor-inner-section elementor-element elementor-element-1cbcb1f elementor-section-boxed elementor-section-height-default elementor-section-height-default wpr-particle-no wpr-jarallax-no wpr-parallax-no wpr-sticky-section-no\" data-id=\"1cbcb1f\" data-element_type=\"section\" data-e-type=\"section\">\n\t\t\t\t\t\t<div class=\"elementor-container elementor-column-gap-default\">\n\t\t\t\t\t<div class=\"elementor-column elementor-col-50 elementor-inner-column elementor-element elementor-element-661b338\" data-id=\"661b338\" data-element_type=\"column\" data-e-type=\"column\">\n\t\t\t<div class=\"elementor-widget-wrap elementor-element-populated\">\n\t\t\t\t\t\t<div class=\"elementor-element elementor-element-7650b7c elementor-widget elementor-widget-image\" data-id=\"7650b7c\" data-element_type=\"widget\" data-e-type=\"widget\" data-widget_type=\"image.default\">\n\t\t\t\t<div class=\"elementor-widget-container\">\n\t\t\t\t\t\t\t\t\t\t\t\t\t\t\t<img decoding=\"async\" src=\"https:\/\/fundacionsirenaica.org\/home\/wp-content\/uploads\/elementor\/thumbs\/imagen-1-puwdiy8lre6aklyq37psb1s1et2e9pbwn231vcpr8y.jpg\" title=\"imagen 1\" alt=\"imagen 1\" loading=\"lazy\" \/>\t\t\t\t\t\t\t\t\t\t\t\t\t\t\t<\/div>\n\t\t\t\t<\/div>\n\t\t\t\t<div class=\"elementor-element elementor-element-015c67f elementor-widget elementor-widget-image\" data-id=\"015c67f\" data-element_type=\"widget\" data-e-type=\"widget\" data-widget_type=\"image.default\">\n\t\t\t\t<div class=\"elementor-widget-container\">\n\t\t\t\t\t\t\t\t\t\t\t\t\t\t\t<img decoding=\"async\" src=\"https:\/\/fundacionsirenaica.org\/home\/wp-content\/uploads\/elementor\/thumbs\/imagen-2-puwdj5rba2gl5hnsvaysuzvq5w1bza5rc3axpkelwk.jpg\" title=\"imagen 2\" alt=\"imagen 2\" loading=\"lazy\" \/>\t\t\t\t\t\t\t\t\t\t\t\t\t\t\t<\/div>\n\t\t\t\t<\/div>\n\t\t\t\t\t<\/div>\n\t\t<\/div>\n\t\t\t\t<div class=\"elementor-column elementor-col-50 elementor-inner-column elementor-element elementor-element-dff3ee5\" data-id=\"dff3ee5\" data-element_type=\"column\" data-e-type=\"column\">\n\t\t\t<div class=\"elementor-widget-wrap elementor-element-populated\">\n\t\t\t\t\t\t<div class=\"elementor-element elementor-element-73d61f6 elementor-widget elementor-widget-heading\" data-id=\"73d61f6\" data-element_type=\"widget\" data-e-type=\"widget\" data-widget_type=\"heading.default\">\n\t\t\t\t<div class=\"elementor-widget-container\">\n\t\t\t\t\t<h2 class=\"elementor-heading-title elementor-size-default\">Sobre Nosotros<\/h2>\t\t\t\t<\/div>\n\t\t\t\t<\/div>\n\t\t\t\t<div class=\"elementor-element elementor-element-3d98cbc elementor-widget elementor-widget-spacer\" data-id=\"3d98cbc\" data-element_type=\"widget\" data-e-type=\"widget\" data-widget_type=\"spacer.default\">\n\t\t\t\t<div class=\"elementor-widget-container\">\n\t\t\t\t\t\t\t<div class=\"elementor-spacer\">\n\t\t\t<div class=\"elementor-spacer-inner\"><\/div>\n\t\t<\/div>\n\t\t\t\t\t\t<\/div>\n\t\t\t\t<\/div>\n\t\t\t\t<div class=\"elementor-element elementor-element-eca9b70 elementor-widget elementor-widget-text-editor\" data-id=\"eca9b70\" data-element_type=\"widget\" data-e-type=\"widget\" data-widget_type=\"text-editor.default\">\n\t\t\t\t<div class=\"elementor-widget-container\">\n\t\t\t\t\t\t\t\t\t<p>Somos un proyecto de<br \/>formaci\u00f3n, expresi\u00f3n,<br \/>reconocimiento e inclusi\u00f3n<br \/>social, educativa y cultural para<br \/>los ni\u00f1os y j\u00f3venes que viven en<br \/>el valle de aburr\u00e1.<\/p>\t\t\t\t\t\t\t\t<\/div>\n\t\t\t\t<\/div>\n\t\t\t\t\t<\/div>\n\t\t<\/div>\n\t\t\t\t\t<\/div>\n\t\t<\/section>\n\t\t\t\t\t<\/div>\n\t\t<\/div>\n\t\t\t\t\t<\/div>\n\t\t<\/section>\n\t\t\t\t<section class=\"elementor-section elementor-top-section elementor-element elementor-element-692ebfe elementor-section-boxed elementor-section-height-default elementor-section-height-default wpr-particle-no wpr-jarallax-no wpr-parallax-no wpr-sticky-section-no\" data-id=\"692ebfe\" data-element_type=\"section\" data-e-type=\"section\" data-settings=\"{&quot;background_background&quot;:&quot;classic&quot;}\">\n\t\t\t\t\t\t<div class=\"elementor-container elementor-column-gap-default\">\n\t\t\t\t\t<div class=\"elementor-column elementor-col-100 elementor-top-column elementor-element elementor-element-7a04a1f\" data-id=\"7a04a1f\" data-element_type=\"column\" data-e-type=\"column\">\n\t\t\t<div class=\"elementor-widget-wrap elementor-element-populated\">\n\t\t\t\t\t\t<section class=\"elementor-section elementor-inner-section elementor-element elementor-element-1064701 elementor-section-boxed elementor-section-height-default elementor-section-height-default wpr-particle-no wpr-jarallax-no wpr-parallax-no wpr-sticky-section-no\" data-id=\"1064701\" data-element_type=\"section\" data-e-type=\"section\" data-settings=\"{&quot;background_background&quot;:&quot;classic&quot;}\">\n\t\t\t\t\t\t<div class=\"elementor-container elementor-column-gap-default\">\n\t\t\t\t\t<div class=\"elementor-column elementor-col-100 elementor-inner-column elementor-element elementor-element-823418a\" data-id=\"823418a\" data-element_type=\"column\" data-e-type=\"column\">\n\t\t\t<div class=\"elementor-widget-wrap elementor-element-populated\">\n\t\t\t\t\t\t<div class=\"elementor-element elementor-element-bfd2743 elementor-widget elementor-widget-heading\" data-id=\"bfd2743\" data-element_type=\"widget\" data-e-type=\"widget\" data-widget_type=\"heading.default\">\n\t\t\t\t<div class=\"elementor-widget-container\">\n\t\t\t\t\t<h2 class=\"elementor-heading-title elementor-size-default\">Nuestros Programas<\/h2>\t\t\t\t<\/div>\n\t\t\t\t<\/div>\n\t\t\t\t<div class=\"elementor-element elementor-element-c5ba071 elementor-widget elementor-widget-text-editor\" data-id=\"c5ba071\" data-element_type=\"widget\" data-e-type=\"widget\" data-widget_type=\"text-editor.default\">\n\t\t\t\t<div class=\"elementor-widget-container\">\n\t\t\t\t\t\t\t\t\t<p>Ofrecemos un amplio portafolio de conciertos con los<br \/>semilleros de ni\u00f1os y ni\u00f1as, coros juveniles y coros de<br \/>proyecci\u00f3n.<\/p>\t\t\t\t\t\t\t\t<\/div>\n\t\t\t\t<\/div>\n\t\t\t\t\t<\/div>\n\t\t<\/div>\n\t\t\t\t\t<\/div>\n\t\t<\/section>\n\t\t\t\t\t<\/div>\n\t\t<\/div>\n\t\t\t\t\t<\/div>\n\t\t<\/section>\n\t\t\t\t<section class=\"elementor-section elementor-top-section elementor-element elementor-element-fba1cd3 elementor-section-boxed elementor-section-height-default elementor-section-height-default wpr-particle-no wpr-jarallax-no wpr-parallax-no wpr-sticky-section-no\" data-id=\"fba1cd3\" data-element_type=\"section\" data-e-type=\"section\" data-settings=\"{&quot;background_background&quot;:&quot;classic&quot;}\">\n\t\t\t\t\t\t<div class=\"elementor-container elementor-column-gap-default\">\n\t\t\t\t\t<div class=\"elementor-column elementor-col-100 elementor-top-column elementor-element elementor-element-153fdf5\" data-id=\"153fdf5\" data-element_type=\"column\" data-e-type=\"column\">\n\t\t\t<div class=\"elementor-widget-wrap elementor-element-populated\">\n\t\t\t\t\t\t<section class=\"elementor-section elementor-inner-section elementor-element elementor-element-94aba9b elementor-section-boxed elementor-section-height-default elementor-section-height-default wpr-particle-no wpr-jarallax-no wpr-parallax-no wpr-sticky-section-no\" data-id=\"94aba9b\" data-element_type=\"section\" data-e-type=\"section\">\n\t\t\t\t\t\t<div class=\"elementor-container elementor-column-gap-no\">\n\t\t\t\t\t<div class=\"elementor-column elementor-col-33 elementor-inner-column elementor-element elementor-element-ec43eb5\" data-id=\"ec43eb5\" data-element_type=\"column\" data-e-type=\"column\" data-settings=\"{&quot;background_background&quot;:&quot;classic&quot;}\">\n\t\t\t<div class=\"elementor-widget-wrap elementor-element-populated\">\n\t\t\t\t\t\t<div class=\"elementor-element elementor-element-aa7d68d elementor-widget elementor-widget-heading\" data-id=\"aa7d68d\" data-element_type=\"widget\" data-e-type=\"widget\" data-widget_type=\"heading.default\">\n\t\t\t\t<div class=\"elementor-widget-container\">\n\t\t\t\t\t<h2 class=\"elementor-heading-title elementor-size-default\">Mi Colombia<\/h2>\t\t\t\t<\/div>\n\t\t\t\t<\/div>\n\t\t\t\t<div class=\"elementor-element elementor-element-9586914 elementor-widget elementor-widget-text-editor\" data-id=\"9586914\" data-element_type=\"widget\" data-e-type=\"widget\" data-widget_type=\"text-editor.default\">\n\t\t\t\t<div class=\"elementor-widget-container\">\n\t\t\t\t\t\t\t\t\t<p>Inspirado en nuestras ra\u00edces Colombianas, ancestros, valles, monta\u00f1as, llanuras, r\u00edos y mares.<\/p>\t\t\t\t\t\t\t\t<\/div>\n\t\t\t\t<\/div>\n\t\t\t\t\t<\/div>\n\t\t<\/div>\n\t\t\t\t<div class=\"elementor-column elementor-col-33 elementor-inner-column elementor-element elementor-element-cf0a2eb\" data-id=\"cf0a2eb\" data-element_type=\"column\" data-e-type=\"column\">\n\t\t\t<div class=\"elementor-widget-wrap elementor-element-populated\">\n\t\t\t\t\t\t<div class=\"elementor-element elementor-element-d6a2173 elementor-widget elementor-widget-image\" data-id=\"d6a2173\" data-element_type=\"widget\" data-e-type=\"widget\" data-widget_type=\"image.default\">\n\t\t\t\t<div class=\"elementor-widget-container\">\n\t\t\t\t\t\t\t\t\t\t\t\t\t\t\t<img decoding=\"async\" width=\"400\" height=\"500\" src=\"https:\/\/fundacionsirenaica.org\/home\/wp-content\/uploads\/2024\/08\/Muestra-de-la-diversidad-colombiana-cantando.jpg\" class=\"attachment-large size-large wp-image-11123\" alt=\"\" srcset=\"https:\/\/fundacionsirenaica.org\/home\/wp-content\/uploads\/2024\/08\/Muestra-de-la-diversidad-colombiana-cantando.jpg 400w, https:\/\/fundacionsirenaica.org\/home\/wp-content\/uploads\/2024\/08\/Muestra-de-la-diversidad-colombiana-cantando-240x300.jpg 240w\" sizes=\"(max-width: 400px) 100vw, 400px\" \/>\t\t\t\t\t\t\t\t\t\t\t\t\t\t\t<\/div>\n\t\t\t\t<\/div>\n\t\t\t\t\t<\/div>\n\t\t<\/div>\n\t\t\t\t<div class=\"elementor-column elementor-col-33 elementor-inner-column elementor-element elementor-element-ea9f299\" data-id=\"ea9f299\" data-element_type=\"column\" data-e-type=\"column\" data-settings=\"{&quot;background_background&quot;:&quot;classic&quot;}\">\n\t\t\t<div class=\"elementor-widget-wrap elementor-element-populated\">\n\t\t\t\t\t\t<div class=\"elementor-element elementor-element-55dfaa0 elementor-widget elementor-widget-heading\" data-id=\"55dfaa0\" data-element_type=\"widget\" data-e-type=\"widget\" data-widget_type=\"heading.default\">\n\t\t\t\t<div class=\"elementor-widget-container\">\n\t\t\t\t\t<h2 class=\"elementor-heading-title elementor-size-default\">Nuestra latinoam\u00e9rica<\/h2>\t\t\t\t<\/div>\n\t\t\t\t<\/div>\n\t\t\t\t<div class=\"elementor-element elementor-element-3fe6cde elementor-widget elementor-widget-text-editor\" data-id=\"3fe6cde\" data-element_type=\"widget\" data-e-type=\"widget\" data-widget_type=\"text-editor.default\">\n\t\t\t\t<div class=\"elementor-widget-container\">\n\t\t\t\t\t\t\t\t\t<p>Celebramos la diversidad cultural de nuestro continente atrav\u00e9s de canciones que recorren sus tradiciones, ritmos y lenguas.<\/p>\t\t\t\t\t\t\t\t<\/div>\n\t\t\t\t<\/div>\n\t\t\t\t\t<\/div>\n\t\t<\/div>\n\t\t\t\t\t<\/div>\n\t\t<\/section>\n\t\t\t\t\t<\/div>\n\t\t<\/div>\n\t\t\t\t\t<\/div>\n\t\t<\/section>\n\t\t\t\t<section class=\"elementor-section elementor-top-section elementor-element elementor-element-b4ec950 elementor-section-boxed elementor-section-height-default elementor-section-height-default wpr-particle-no wpr-jarallax-no wpr-parallax-no wpr-sticky-section-no\" data-id=\"b4ec950\" data-element_type=\"section\" data-e-type=\"section\" data-settings=\"{&quot;background_background&quot;:&quot;classic&quot;}\">\n\t\t\t\t\t\t<div class=\"elementor-container elementor-column-gap-default\">\n\t\t\t\t\t<div class=\"elementor-column elementor-col-100 elementor-top-column elementor-element elementor-element-db1196a\" data-id=\"db1196a\" data-element_type=\"column\" data-e-type=\"column\">\n\t\t\t<div class=\"elementor-widget-wrap elementor-element-populated\">\n\t\t\t\t\t\t<section class=\"elementor-section elementor-inner-section elementor-element elementor-element-fcd0612 elementor-section-boxed elementor-section-height-default elementor-section-height-default wpr-particle-no wpr-jarallax-no wpr-parallax-no wpr-sticky-section-no\" data-id=\"fcd0612\" data-element_type=\"section\" data-e-type=\"section\">\n\t\t\t\t\t\t<div class=\"elementor-container elementor-column-gap-no\">\n\t\t\t\t\t<div class=\"elementor-column elementor-col-33 elementor-inner-column elementor-element elementor-element-d4f339e\" data-id=\"d4f339e\" data-element_type=\"column\" data-e-type=\"column\" data-settings=\"{&quot;background_background&quot;:&quot;classic&quot;}\">\n\t\t\t<div class=\"elementor-widget-wrap elementor-element-populated\">\n\t\t\t\t\t\t<div class=\"elementor-element elementor-element-2fe79a0 elementor-widget elementor-widget-heading\" data-id=\"2fe79a0\" data-element_type=\"widget\" data-e-type=\"widget\" data-widget_type=\"heading.default\">\n\t\t\t\t<div class=\"elementor-widget-container\">\n\t\t\t\t\t<h2 class=\"elementor-heading-title elementor-size-default\">Ra\u00edces<\/h2>\t\t\t\t<\/div>\n\t\t\t\t<\/div>\n\t\t\t\t<div class=\"elementor-element elementor-element-ce3b7c6 elementor-widget elementor-widget-text-editor\" data-id=\"ce3b7c6\" data-element_type=\"widget\" data-e-type=\"widget\" data-widget_type=\"text-editor.default\">\n\t\t\t\t<div class=\"elementor-widget-container\">\n\t\t\t\t\t\t\t\t\t<p>Obras de diferentes estilos musicales inspiradas en la naturaleza, el amor y la m\u00edstica.<\/p>\t\t\t\t\t\t\t\t<\/div>\n\t\t\t\t<\/div>\n\t\t\t\t\t<\/div>\n\t\t<\/div>\n\t\t\t\t<div class=\"elementor-column elementor-col-33 elementor-inner-column elementor-element elementor-element-0d9963d\" data-id=\"0d9963d\" data-element_type=\"column\" data-e-type=\"column\">\n\t\t\t<div class=\"elementor-widget-wrap elementor-element-populated\">\n\t\t\t\t\t\t<div class=\"elementor-element elementor-element-6e8a5d5 elementor-widget elementor-widget-image\" data-id=\"6e8a5d5\" data-element_type=\"widget\" data-e-type=\"widget\" data-widget_type=\"image.default\">\n\t\t\t\t<div class=\"elementor-widget-container\">\n\t\t\t\t\t\t\t\t\t\t\t\t\t\t\t<img loading=\"lazy\" decoding=\"async\" width=\"709\" height=\"950\" src=\"https:\/\/fundacionsirenaica.org\/home\/wp-content\/uploads\/2022\/09\/imagen1.jpg\" class=\"attachment-large size-large wp-image-9488\" alt=\"\" srcset=\"https:\/\/fundacionsirenaica.org\/home\/wp-content\/uploads\/2022\/09\/imagen1.jpg 709w, https:\/\/fundacionsirenaica.org\/home\/wp-content\/uploads\/2022\/09\/imagen1-224x300.jpg 224w, https:\/\/fundacionsirenaica.org\/home\/wp-content\/uploads\/2022\/09\/imagen1-600x804.jpg 600w\" sizes=\"(max-width: 709px) 100vw, 709px\" \/>\t\t\t\t\t\t\t\t\t\t\t\t\t\t\t<\/div>\n\t\t\t\t<\/div>\n\t\t\t\t\t<\/div>\n\t\t<\/div>\n\t\t\t\t<div class=\"elementor-column elementor-col-33 elementor-inner-column elementor-element elementor-element-0c3d96d\" data-id=\"0c3d96d\" data-element_type=\"column\" data-e-type=\"column\" data-settings=\"{&quot;background_background&quot;:&quot;classic&quot;}\">\n\t\t\t<div class=\"elementor-widget-wrap elementor-element-populated\">\n\t\t\t\t\t\t<div class=\"elementor-element elementor-element-84fd45c elementor-widget elementor-widget-heading\" data-id=\"84fd45c\" data-element_type=\"widget\" data-e-type=\"widget\" data-widget_type=\"heading.default\">\n\t\t\t\t<div class=\"elementor-widget-container\">\n\t\t\t\t\t<h2 class=\"elementor-heading-title elementor-size-default\">Ens\u00e9\u00f1ame a so\u00f1ar<\/h2>\t\t\t\t<\/div>\n\t\t\t\t<\/div>\n\t\t\t\t<div class=\"elementor-element elementor-element-6525cdd elementor-widget elementor-widget-text-editor\" data-id=\"6525cdd\" data-element_type=\"widget\" data-e-type=\"widget\" data-widget_type=\"text-editor.default\">\n\t\t\t\t<div class=\"elementor-widget-container\">\n\t\t\t\t\t\t\t\t\t<p>Un viaje musical que despierta la imaginaci\u00f3n y la esperanza, con canciones que inspiran y motivan a so\u00f1ar en grande.<\/p>\t\t\t\t\t\t\t\t<\/div>\n\t\t\t\t<\/div>\n\t\t\t\t\t<\/div>\n\t\t<\/div>\n\t\t\t\t\t<\/div>\n\t\t<\/section>\n\t\t\t\t\t<\/div>\n\t\t<\/div>\n\t\t\t\t\t<\/div>\n\t\t<\/section>\n\t\t\t\t<section class=\"elementor-section elementor-top-section elementor-element elementor-element-9d76586 elementor-section-boxed elementor-section-height-default elementor-section-height-default wpr-particle-no wpr-jarallax-no wpr-parallax-no wpr-sticky-section-no\" data-id=\"9d76586\" data-element_type=\"section\" data-e-type=\"section\" data-settings=\"{&quot;background_background&quot;:&quot;classic&quot;}\">\n\t\t\t\t\t\t<div class=\"elementor-container elementor-column-gap-default\">\n\t\t\t\t\t<div class=\"elementor-column elementor-col-100 elementor-top-column elementor-element elementor-element-5966a6d\" data-id=\"5966a6d\" data-element_type=\"column\" data-e-type=\"column\">\n\t\t\t<div class=\"elementor-widget-wrap elementor-element-populated\">\n\t\t\t\t\t\t<section class=\"elementor-section elementor-inner-section elementor-element elementor-element-9a188cb elementor-section-boxed elementor-section-height-default elementor-section-height-default wpr-particle-no wpr-jarallax-no wpr-parallax-no wpr-sticky-section-no\" data-id=\"9a188cb\" data-element_type=\"section\" data-e-type=\"section\">\n\t\t\t\t\t\t<div class=\"elementor-container elementor-column-gap-no\">\n\t\t\t\t\t<div class=\"elementor-column elementor-col-33 elementor-inner-column elementor-element elementor-element-fa7b4e7\" data-id=\"fa7b4e7\" data-element_type=\"column\" data-e-type=\"column\" data-settings=\"{&quot;background_background&quot;:&quot;classic&quot;}\">\n\t\t\t<div class=\"elementor-widget-wrap elementor-element-populated\">\n\t\t\t\t\t\t<div class=\"elementor-element elementor-element-051efec elementor-widget elementor-widget-heading\" data-id=\"051efec\" data-element_type=\"widget\" data-e-type=\"widget\" data-widget_type=\"heading.default\">\n\t\t\t\t<div class=\"elementor-widget-container\">\n\t\t\t\t\t<h2 class=\"elementor-heading-title elementor-size-default\">Acuarela<\/h2>\t\t\t\t<\/div>\n\t\t\t\t<\/div>\n\t\t\t\t<div class=\"elementor-element elementor-element-39e35b8 elementor-widget elementor-widget-text-editor\" data-id=\"39e35b8\" data-element_type=\"widget\" data-e-type=\"widget\" data-widget_type=\"text-editor.default\">\n\t\t\t\t<div class=\"elementor-widget-container\">\n\t\t\t\t\t\t\t\t\t<p><span style=\"font-weight: 400;\">Canciones, emociones y sentimientos, expresadas con la voz, el cuerpo y el color. Una invitaci\u00f3n a hacer de la vida una obra de arte y comprenderla como un lienzo abierto para colorear.<\/span><\/p>\t\t\t\t\t\t\t\t<\/div>\n\t\t\t\t<\/div>\n\t\t\t\t\t<\/div>\n\t\t<\/div>\n\t\t\t\t<div class=\"elementor-column elementor-col-33 elementor-inner-column elementor-element elementor-element-b326851\" data-id=\"b326851\" data-element_type=\"column\" data-e-type=\"column\">\n\t\t\t<div class=\"elementor-widget-wrap elementor-element-populated\">\n\t\t\t\t\t\t<div class=\"elementor-element elementor-element-f5de96f elementor-widget elementor-widget-image\" data-id=\"f5de96f\" data-element_type=\"widget\" data-e-type=\"widget\" data-widget_type=\"image.default\">\n\t\t\t\t<div class=\"elementor-widget-container\">\n\t\t\t\t\t\t\t\t\t\t\t\t\t\t\t<img loading=\"lazy\" decoding=\"async\" width=\"400\" height=\"500\" src=\"https:\/\/fundacionsirenaica.org\/home\/wp-content\/uploads\/2024\/08\/foto-de-jovenes-con-la-cara-pintada.jpg\" class=\"attachment-large size-large wp-image-11117\" alt=\"\" srcset=\"https:\/\/fundacionsirenaica.org\/home\/wp-content\/uploads\/2024\/08\/foto-de-jovenes-con-la-cara-pintada.jpg 400w, https:\/\/fundacionsirenaica.org\/home\/wp-content\/uploads\/2024\/08\/foto-de-jovenes-con-la-cara-pintada-240x300.jpg 240w\" sizes=\"(max-width: 400px) 100vw, 400px\" \/>\t\t\t\t\t\t\t\t\t\t\t\t\t\t\t<\/div>\n\t\t\t\t<\/div>\n\t\t\t\t\t<\/div>\n\t\t<\/div>\n\t\t\t\t<div class=\"elementor-column elementor-col-33 elementor-inner-column elementor-element elementor-element-e1a8794\" data-id=\"e1a8794\" data-element_type=\"column\" data-e-type=\"column\" data-settings=\"{&quot;background_background&quot;:&quot;classic&quot;}\">\n\t\t\t<div class=\"elementor-widget-wrap elementor-element-populated\">\n\t\t\t\t\t\t<div class=\"elementor-element elementor-element-4ef102b elementor-widget elementor-widget-heading\" data-id=\"4ef102b\" data-element_type=\"widget\" data-e-type=\"widget\" data-widget_type=\"heading.default\">\n\t\t\t\t<div class=\"elementor-widget-container\">\n\t\t\t\t\t<h2 class=\"elementor-heading-title elementor-size-default\">Juguemos en el bosque<\/h2>\t\t\t\t<\/div>\n\t\t\t\t<\/div>\n\t\t\t\t<div class=\"elementor-element elementor-element-428bf3d elementor-widget elementor-widget-text-editor\" data-id=\"428bf3d\" data-element_type=\"widget\" data-e-type=\"widget\" data-widget_type=\"text-editor.default\">\n\t\t\t\t<div class=\"elementor-widget-container\">\n\t\t\t\t\t\t\t\t\t<p><span style=\"font-weight: 400;\">Una experiencia familiar donde se canta y se juega al comp\u00e1s de las rondas y canciones infantiles.<\/span><\/p>\t\t\t\t\t\t\t\t<\/div>\n\t\t\t\t<\/div>\n\t\t\t\t\t<\/div>\n\t\t<\/div>\n\t\t\t\t\t<\/div>\n\t\t<\/section>\n\t\t\t\t\t<\/div>\n\t\t<\/div>\n\t\t\t\t\t<\/div>\n\t\t<\/section>\n\t\t\t\t<section class=\"elementor-section elementor-top-section elementor-element elementor-element-213c296 elementor-section-boxed elementor-section-height-default elementor-section-height-default wpr-particle-no wpr-jarallax-no wpr-parallax-no wpr-sticky-section-no\" data-id=\"213c296\" data-element_type=\"section\" data-e-type=\"section\" data-settings=\"{&quot;background_background&quot;:&quot;classic&quot;}\">\n\t\t\t\t\t\t<div class=\"elementor-container elementor-column-gap-default\">\n\t\t\t\t\t<div class=\"elementor-column elementor-col-100 elementor-top-column elementor-element elementor-element-1337b9e\" data-id=\"1337b9e\" data-element_type=\"column\" data-e-type=\"column\">\n\t\t\t<div class=\"elementor-widget-wrap elementor-element-populated\">\n\t\t\t\t\t\t<section class=\"elementor-section elementor-inner-section elementor-element elementor-element-b801835 elementor-section-boxed elementor-section-height-default elementor-section-height-default wpr-particle-no wpr-jarallax-no wpr-parallax-no wpr-sticky-section-no\" data-id=\"b801835\" data-element_type=\"section\" data-e-type=\"section\">\n\t\t\t\t\t\t<div class=\"elementor-container elementor-column-gap-no\">\n\t\t\t\t\t<div class=\"elementor-column elementor-col-33 elementor-inner-column elementor-element elementor-element-6395f99\" data-id=\"6395f99\" data-element_type=\"column\" data-e-type=\"column\" data-settings=\"{&quot;background_background&quot;:&quot;classic&quot;}\">\n\t\t\t<div class=\"elementor-widget-wrap elementor-element-populated\">\n\t\t\t\t\t\t<div class=\"elementor-element elementor-element-af3ea4e elementor-widget elementor-widget-heading\" data-id=\"af3ea4e\" data-element_type=\"widget\" data-e-type=\"widget\" data-widget_type=\"heading.default\">\n\t\t\t\t<div class=\"elementor-widget-container\">\n\t\t\t\t\t<h2 class=\"elementor-heading-title elementor-size-default\">Piccolo tropical<\/h2>\t\t\t\t<\/div>\n\t\t\t\t<\/div>\n\t\t\t\t<div class=\"elementor-element elementor-element-791b4b6 elementor-widget elementor-widget-text-editor\" data-id=\"791b4b6\" data-element_type=\"widget\" data-e-type=\"widget\" data-widget_type=\"text-editor.default\">\n\t\t\t\t<div class=\"elementor-widget-container\">\n\t\t\t\t\t\t\t\t\t<p>Ritmos y canciones tropicales que celebran el r\u00edo, mar, bosque y selva, donde las voces de los ni\u00f1os siembran esperanza para proteger y cuidar nuestra casa com\u00fan<\/p>\t\t\t\t\t\t\t\t<\/div>\n\t\t\t\t<\/div>\n\t\t\t\t\t<\/div>\n\t\t<\/div>\n\t\t\t\t<div class=\"elementor-column elementor-col-33 elementor-inner-column elementor-element elementor-element-3b418dd\" data-id=\"3b418dd\" data-element_type=\"column\" data-e-type=\"column\">\n\t\t\t<div class=\"elementor-widget-wrap elementor-element-populated\">\n\t\t\t\t\t\t<div class=\"elementor-element elementor-element-8b340b9 elementor-widget elementor-widget-image\" data-id=\"8b340b9\" data-element_type=\"widget\" data-e-type=\"widget\" data-widget_type=\"image.default\">\n\t\t\t\t<div class=\"elementor-widget-container\">\n\t\t\t\t\t\t\t\t\t\t\t\t\t\t\t<img loading=\"lazy\" decoding=\"async\" width=\"400\" height=\"500\" src=\"https:\/\/fundacionsirenaica.org\/home\/wp-content\/uploads\/2024\/08\/Coro-juvenil-cantando-de-alegria.jpg\" class=\"attachment-large size-large wp-image-11121\" alt=\"Coro-juvenil-cantando-de-alegria\" srcset=\"https:\/\/fundacionsirenaica.org\/home\/wp-content\/uploads\/2024\/08\/Coro-juvenil-cantando-de-alegria.jpg 400w, https:\/\/fundacionsirenaica.org\/home\/wp-content\/uploads\/2024\/08\/Coro-juvenil-cantando-de-alegria-240x300.jpg 240w\" sizes=\"(max-width: 400px) 100vw, 400px\" \/>\t\t\t\t\t\t\t\t\t\t\t\t\t\t\t<\/div>\n\t\t\t\t<\/div>\n\t\t\t\t\t<\/div>\n\t\t<\/div>\n\t\t\t\t<div class=\"elementor-column elementor-col-33 elementor-inner-column elementor-element elementor-element-8de82e7\" data-id=\"8de82e7\" data-element_type=\"column\" data-e-type=\"column\" data-settings=\"{&quot;background_background&quot;:&quot;classic&quot;}\">\n\t\t\t<div class=\"elementor-widget-wrap elementor-element-populated\">\n\t\t\t\t\t\t<div class=\"elementor-element elementor-element-3729566 elementor-widget elementor-widget-heading\" data-id=\"3729566\" data-element_type=\"widget\" data-e-type=\"widget\" data-widget_type=\"heading.default\">\n\t\t\t\t<div class=\"elementor-widget-container\">\n\t\t\t\t\t<h2 class=\"elementor-heading-title elementor-size-default\">Cuentos y m\u00e1scaras<\/h2>\t\t\t\t<\/div>\n\t\t\t\t<\/div>\n\t\t\t\t<div class=\"elementor-element elementor-element-a132523 elementor-widget elementor-widget-text-editor\" data-id=\"a132523\" data-element_type=\"widget\" data-e-type=\"widget\" data-widget_type=\"text-editor.default\">\n\t\t\t\t<div class=\"elementor-widget-container\">\n\t\t\t\t\t\t\t\t\t<p>Viaje musical al mundo de la fantas\u00eda con h\u00e9roes, princesas, brujas y villanos, recordando canciones ic\u00f3nicas de la infancia.<\/p>\t\t\t\t\t\t\t\t<\/div>\n\t\t\t\t<\/div>\n\t\t\t\t\t<\/div>\n\t\t<\/div>\n\t\t\t\t\t<\/div>\n\t\t<\/section>\n\t\t\t\t\t<\/div>\n\t\t<\/div>\n\t\t\t\t\t<\/div>\n\t\t<\/section>\n\t\t\t\t<section class=\"elementor-section elementor-top-section elementor-element elementor-element-e6a7216 elementor-section-boxed elementor-section-height-default elementor-section-height-default wpr-particle-no wpr-jarallax-no wpr-parallax-no wpr-sticky-section-no\" data-id=\"e6a7216\" data-element_type=\"section\" data-e-type=\"section\" data-settings=\"{&quot;background_background&quot;:&quot;classic&quot;}\">\n\t\t\t\t\t\t<div class=\"elementor-container elementor-column-gap-default\">\n\t\t\t\t\t<div class=\"elementor-column elementor-col-100 elementor-top-column elementor-element elementor-element-d290a10\" data-id=\"d290a10\" data-element_type=\"column\" data-e-type=\"column\">\n\t\t\t<div class=\"elementor-widget-wrap elementor-element-populated\">\n\t\t\t\t\t\t<section class=\"elementor-section elementor-inner-section elementor-element elementor-element-9b154b1 elementor-section-boxed elementor-section-height-default elementor-section-height-default wpr-particle-no wpr-jarallax-no wpr-parallax-no wpr-sticky-section-no\" data-id=\"9b154b1\" data-element_type=\"section\" data-e-type=\"section\">\n\t\t\t\t\t\t<div class=\"elementor-container elementor-column-gap-default\">\n\t\t\t\t\t<div class=\"elementor-column elementor-col-50 elementor-inner-column elementor-element elementor-element-268c5df\" data-id=\"268c5df\" data-element_type=\"column\" data-e-type=\"column\" data-settings=\"{&quot;background_background&quot;:&quot;classic&quot;}\">\n\t\t\t<div class=\"elementor-widget-wrap elementor-element-populated\">\n\t\t\t\t\t\t<div class=\"elementor-element elementor-element-209ac5f elementor-widget-divider--view-line_icon elementor-widget-divider--separator-type-pattern elementor-widget-divider--no-spacing elementor-view-default elementor-widget-divider--element-align-center elementor-widget elementor-widget-divider\" data-id=\"209ac5f\" data-element_type=\"widget\" data-e-type=\"widget\" data-widget_type=\"divider.default\">\n\t\t\t\t<div class=\"elementor-widget-container\">\n\t\t\t\t\t\t\t<div class=\"elementor-divider\" style=\"--divider-pattern-url: url(&quot;data:image\/svg+xml,%3Csvg xmlns=&#039;http:\/\/www.w3.org\/2000\/svg&#039; preserveAspectRatio=&#039;xMidYMid meet&#039; overflow=&#039;visible&#039; height=&#039;100%&#039; viewBox=&#039;0 0 126 26&#039; fill=&#039;black&#039; stroke=&#039;none&#039;%3E%3Cpath d=&#039;M3,10.2c2.6,0,2.6,2,2.6,3.2S4.4,16.5,3,16.5s-3-1.4-3-3.2S0.4,10.2,3,10.2z M18.8,10.2c1.7,0,3.2,1.4,3.2,3.2s-1.4,3.2-3.2,3.2c-1.7,0-3.2-1.4-3.2-3.2S17,10.2,18.8,10.2z M34.6,10.2c1.5,0,2.6,1.4,2.6,3.2s-0.5,3.2-1.9,3.2c-1.5,0-3.4-1.4-3.4-3.2S33.1,10.2,34.6,10.2z M50.5,10.2c1.7,0,3.2,1.4,3.2,3.2s-1.4,3.2-3.2,3.2c-1.7,0-3.3-0.9-3.3-2.6S48.7,10.2,50.5,10.2z M66.2,10.2c1.5,0,3.4,1.4,3.4,3.2s-1.9,3.2-3.4,3.2c-1.5,0-2.6-0.4-2.6-2.1S64.8,10.2,66.2,10.2z M82.2,10.2c1.7,0.8,2.6,1.4,2.6,3.2s-0.1,3.2-1.6,3.2c-1.5,0-3.7-1.4-3.7-3.2S80.5,9.4,82.2,10.2zM98.6,10.2c1.5,0,2.6,0.4,2.6,2.1s-1.2,4.2-2.6,4.2c-1.5,0-3.7-0.4-3.7-2.1S97.1,10.2,98.6,10.2z M113.4,10.2c1.2,0,2.2,0.9,2.2,3.2s-0.1,3.2-1.3,3.2s-3.1-1.4-3.1-3.2S112.2,10.2,113.4,10.2z&#039;\/%3E%3C\/svg%3E&quot;);\">\n\t\t\t<span class=\"elementor-divider-separator\">\n\t\t\t\t\t\t\t<div class=\"elementor-icon elementor-divider__element\">\n\t\t\t\t\t<i aria-hidden=\"true\" class=\"fas fa-music\"><\/i><\/div>\n\t\t\t\t\t\t<\/span>\n\t\t<\/div>\n\t\t\t\t\t\t<\/div>\n\t\t\t\t<\/div>\n\t\t\t\t<div class=\"elementor-element elementor-element-1b2e9dd elementor-widget elementor-widget-heading\" data-id=\"1b2e9dd\" data-element_type=\"widget\" data-e-type=\"widget\" data-widget_type=\"heading.default\">\n\t\t\t\t<div class=\"elementor-widget-container\">\n\t\t\t\t\t<h2 class=\"elementor-heading-title elementor-size-default\">Flashmob<\/h2>\t\t\t\t<\/div>\n\t\t\t\t<\/div>\n\t\t\t\t<div class=\"elementor-element elementor-element-e1c26ab elementor-widget elementor-widget-text-editor\" data-id=\"e1c26ab\" data-element_type=\"widget\" data-e-type=\"widget\" data-widget_type=\"text-editor.default\">\n\t\t\t\t<div class=\"elementor-widget-container\">\n\t\t\t\t\t\t\t\t\t<p>Intervenci\u00f3n musical de peque\u00f1o formato con tem\u00e1tica espec\u00edfica:<\/p>\t\t\t\t\t\t\t\t<\/div>\n\t\t\t\t<\/div>\n\t\t\t\t<div class=\"elementor-element elementor-element-9fcdfc9 elementor-align-start elementor-mobile-align-start elementor-icon-list--layout-traditional elementor-list-item-link-full_width elementor-widget elementor-widget-icon-list\" data-id=\"9fcdfc9\" data-element_type=\"widget\" data-e-type=\"widget\" data-widget_type=\"icon-list.default\">\n\t\t\t\t<div class=\"elementor-widget-container\">\n\t\t\t\t\t\t\t<ul class=\"elementor-icon-list-items\">\n\t\t\t\t\t\t\t<li class=\"elementor-icon-list-item\">\n\t\t\t\t\t\t\t\t\t\t\t<span class=\"elementor-icon-list-icon\">\n\t\t\t\t\t\t\t<i aria-hidden=\"true\" class=\"fas fa-music\"><\/i>\t\t\t\t\t\t<\/span>\n\t\t\t\t\t\t\t\t\t\t<span class=\"elementor-icon-list-text\">Cl\u00e1sicos de los 60\u00b4s, 70\u00b4s, 80\u00b4s y 90\u00b4s<\/span>\n\t\t\t\t\t\t\t\t\t<\/li>\n\t\t\t\t\t\t\t\t<li class=\"elementor-icon-list-item\">\n\t\t\t\t\t\t\t\t\t\t\t<span class=\"elementor-icon-list-icon\">\n\t\t\t\t\t\t\t<i aria-hidden=\"true\" class=\"fas fa-music\"><\/i>\t\t\t\t\t\t<\/span>\n\t\t\t\t\t\t\t\t\t\t<span class=\"elementor-icon-list-text\">Serenata (m\u00fasica colombiana, boleros)<\/span>\n\t\t\t\t\t\t\t\t\t<\/li>\n\t\t\t\t\t\t\t\t<li class=\"elementor-icon-list-item\">\n\t\t\t\t\t\t\t\t\t\t\t<span class=\"elementor-icon-list-icon\">\n\t\t\t\t\t\t\t<i aria-hidden=\"true\" class=\"fas fa-music\"><\/i>\t\t\t\t\t\t<\/span>\n\t\t\t\t\t\t\t\t\t\t<span class=\"elementor-icon-list-text\">Disney<\/span>\n\t\t\t\t\t\t\t\t\t<\/li>\n\t\t\t\t\t\t\t\t<li class=\"elementor-icon-list-item\">\n\t\t\t\t\t\t\t\t\t\t\t<span class=\"elementor-icon-list-icon\">\n\t\t\t\t\t\t\t<i aria-hidden=\"true\" class=\"fas fa-music\"><\/i>\t\t\t\t\t\t<\/span>\n\t\t\t\t\t\t\t\t\t\t<span class=\"elementor-icon-list-text\">Brodway<\/span>\n\t\t\t\t\t\t\t\t\t<\/li>\n\t\t\t\t\t\t\t\t<li class=\"elementor-icon-list-item\">\n\t\t\t\t\t\t\t\t\t\t\t<span class=\"elementor-icon-list-icon\">\n\t\t\t\t\t\t\t<i aria-hidden=\"true\" class=\"fas fa-music\"><\/i>\t\t\t\t\t\t<\/span>\n\t\t\t\t\t\t\t\t\t\t<span class=\"elementor-icon-list-text\">M\u00fasica internacional<\/span>\n\t\t\t\t\t\t\t\t\t<\/li>\n\t\t\t\t\t\t\t\t<li class=\"elementor-icon-list-item\">\n\t\t\t\t\t\t\t\t\t\t\t<span class=\"elementor-icon-list-icon\">\n\t\t\t\t\t\t\t<i aria-hidden=\"true\" class=\"fas fa-music\"><\/i>\t\t\t\t\t\t<\/span>\n\t\t\t\t\t\t\t\t\t\t<span class=\"elementor-icon-list-text\">Navidad<\/span>\n\t\t\t\t\t\t\t\t\t<\/li>\n\t\t\t\t\t\t<\/ul>\n\t\t\t\t\t\t<\/div>\n\t\t\t\t<\/div>\n\t\t\t\t\t<\/div>\n\t\t<\/div>\n\t\t\t\t<div class=\"elementor-column elementor-col-50 elementor-inner-column elementor-element elementor-element-8d22903\" data-id=\"8d22903\" data-element_type=\"column\" data-e-type=\"column\">\n\t\t\t<div class=\"elementor-widget-wrap elementor-element-populated\">\n\t\t\t\t\t\t<div class=\"elementor-element elementor-element-f1cfd36 elementor-widget elementor-widget-image\" data-id=\"f1cfd36\" data-element_type=\"widget\" data-e-type=\"widget\" data-widget_type=\"image.default\">\n\t\t\t\t<div class=\"elementor-widget-container\">\n\t\t\t\t\t\t\t\t\t\t\t\t\t\t\t<img loading=\"lazy\" decoding=\"async\" width=\"800\" height=\"800\" src=\"https:\/\/fundacionsirenaica.org\/home\/wp-content\/uploads\/2022\/09\/imagen-banner6-1024x1024.jpg\" class=\"attachment-large size-large wp-image-9510\" alt=\"\" srcset=\"https:\/\/fundacionsirenaica.org\/home\/wp-content\/uploads\/2022\/09\/imagen-banner6-1024x1024.jpg 1024w, https:\/\/fundacionsirenaica.org\/home\/wp-content\/uploads\/2022\/09\/imagen-banner6-300x300.jpg 300w, https:\/\/fundacionsirenaica.org\/home\/wp-content\/uploads\/2022\/09\/imagen-banner6-150x150.jpg 150w, https:\/\/fundacionsirenaica.org\/home\/wp-content\/uploads\/2022\/09\/imagen-banner6-768x768.jpg 768w, https:\/\/fundacionsirenaica.org\/home\/wp-content\/uploads\/2022\/09\/imagen-banner6-600x600.jpg 600w, https:\/\/fundacionsirenaica.org\/home\/wp-content\/uploads\/2022\/09\/imagen-banner6-100x100.jpg 100w, https:\/\/fundacionsirenaica.org\/home\/wp-content\/uploads\/2022\/09\/imagen-banner6.jpg 1080w\" sizes=\"(max-width: 800px) 100vw, 800px\" \/>\t\t\t\t\t\t\t\t\t\t\t\t\t\t\t<\/div>\n\t\t\t\t<\/div>\n\t\t\t\t\t<\/div>\n\t\t<\/div>\n\t\t\t\t\t<\/div>\n\t\t<\/section>\n\t\t\t\t\t<\/div>\n\t\t<\/div>\n\t\t\t\t\t<\/div>\n\t\t<\/section>\n\t\t\t\t<section class=\"elementor-section elementor-top-section elementor-element elementor-element-14b1ef6 elementor-section-boxed elementor-section-height-default elementor-section-height-default wpr-particle-no wpr-jarallax-no wpr-parallax-no wpr-sticky-section-no\" data-id=\"14b1ef6\" data-element_type=\"section\" data-e-type=\"section\" data-settings=\"{&quot;background_background&quot;:&quot;classic&quot;}\">\n\t\t\t\t\t\t<div class=\"elementor-container elementor-column-gap-default\">\n\t\t\t\t\t<div class=\"elementor-column elementor-col-100 elementor-top-column elementor-element elementor-element-859829a\" data-id=\"859829a\" data-element_type=\"column\" data-e-type=\"column\">\n\t\t\t<div class=\"elementor-widget-wrap elementor-element-populated\">\n\t\t\t\t\t\t<section class=\"elementor-section elementor-inner-section elementor-element elementor-element-9cbbc3c elementor-reverse-mobile elementor-section-boxed elementor-section-height-default elementor-section-height-default wpr-particle-no wpr-jarallax-no wpr-parallax-no wpr-sticky-section-no\" data-id=\"9cbbc3c\" data-element_type=\"section\" data-e-type=\"section\">\n\t\t\t\t\t\t<div class=\"elementor-container elementor-column-gap-default\">\n\t\t\t\t\t<div class=\"elementor-column elementor-col-50 elementor-inner-column elementor-element elementor-element-9d9e92f\" data-id=\"9d9e92f\" data-element_type=\"column\" data-e-type=\"column\">\n\t\t\t<div class=\"elementor-widget-wrap elementor-element-populated\">\n\t\t\t\t\t\t<div class=\"elementor-element elementor-element-7858143 elementor-widget elementor-widget-image\" data-id=\"7858143\" data-element_type=\"widget\" data-e-type=\"widget\" data-widget_type=\"image.default\">\n\t\t\t\t<div class=\"elementor-widget-container\">\n\t\t\t\t\t\t\t\t\t\t\t\t\t\t\t<img decoding=\"async\" src=\"https:\/\/fundacionsirenaica.org\/home\/wp-content\/uploads\/elementor\/thumbs\/Mujeres-en-Concierto-quen4gma0av9n2nwf567ihkalvh3fo1kfzqqw74zk0.png\" title=\"Mujeres-en-Concierto\" alt=\"Mujeres-en-Concierto\" loading=\"lazy\" \/>\t\t\t\t\t\t\t\t\t\t\t\t\t\t\t<\/div>\n\t\t\t\t<\/div>\n\t\t\t\t\t<\/div>\n\t\t<\/div>\n\t\t\t\t<div class=\"elementor-column elementor-col-50 elementor-inner-column elementor-element elementor-element-51f455a\" data-id=\"51f455a\" data-element_type=\"column\" data-e-type=\"column\">\n\t\t\t<div class=\"elementor-widget-wrap elementor-element-populated\">\n\t\t\t\t\t\t<div class=\"elementor-element elementor-element-e9b2a7f elementor-widget elementor-widget-heading\" data-id=\"e9b2a7f\" data-element_type=\"widget\" data-e-type=\"widget\" data-widget_type=\"heading.default\">\n\t\t\t\t<div class=\"elementor-widget-container\">\n\t\t\t\t\t<h2 class=\"elementor-heading-title elementor-size-default\">Cantarte<\/h2>\t\t\t\t<\/div>\n\t\t\t\t<\/div>\n\t\t\t\t<div class=\"elementor-element elementor-element-6f6ca38 elementor-widget elementor-widget-text-editor\" data-id=\"6f6ca38\" data-element_type=\"widget\" data-e-type=\"widget\" data-widget_type=\"text-editor.default\">\n\t\t\t\t<div class=\"elementor-widget-container\">\n\t\t\t\t\t\t\t\t\t<p>Arte en canci\u00f3n y poes\u00eda. Una tertulia para compartir con amigos.<\/p>\t\t\t\t\t\t\t\t<\/div>\n\t\t\t\t<\/div>\n\t\t\t\t<div class=\"elementor-element elementor-element-17663e8 elementor-widget elementor-widget-heading\" data-id=\"17663e8\" data-element_type=\"widget\" data-e-type=\"widget\" data-widget_type=\"heading.default\">\n\t\t\t\t<div class=\"elementor-widget-container\">\n\t\t\t\t\t<h2 class=\"elementor-heading-title elementor-size-default\">Fresa Salvaje<\/h2>\t\t\t\t<\/div>\n\t\t\t\t<\/div>\n\t\t\t\t<div class=\"elementor-element elementor-element-5ebf9c7 elementor-widget elementor-widget-text-editor\" data-id=\"5ebf9c7\" data-element_type=\"widget\" data-e-type=\"widget\" data-widget_type=\"text-editor.default\">\n\t\t\t\t<div class=\"elementor-widget-container\">\n\t\t\t\t\t\t\t\t\t<p>Velada del recuerdo en el g\u00e9nero balada pop de las d\u00e9cadas <b>60s, 70s, 80s y 90s<\/b>, interpretadas por solistas, d\u00faos y peque\u00f1os ensambles.<\/p>\t\t\t\t\t\t\t\t<\/div>\n\t\t\t\t<\/div>\n\t\t\t\t\t<\/div>\n\t\t<\/div>\n\t\t\t\t\t<\/div>\n\t\t<\/section>\n\t\t\t\t\t<\/div>\n\t\t<\/div>\n\t\t\t\t\t<\/div>\n\t\t<\/section>\n\t\t\t\t<section class=\"elementor-section elementor-top-section elementor-element elementor-element-c41d4e4 elementor-section-boxed elementor-section-height-default elementor-section-height-default wpr-particle-no wpr-jarallax-no wpr-parallax-no wpr-sticky-section-no\" data-id=\"c41d4e4\" data-element_type=\"section\" data-e-type=\"section\" data-settings=\"{&quot;background_background&quot;:&quot;classic&quot;}\">\n\t\t\t\t\t\t<div class=\"elementor-container elementor-column-gap-default\">\n\t\t\t\t\t<div class=\"elementor-column elementor-col-100 elementor-top-column elementor-element elementor-element-5c2ea8b\" data-id=\"5c2ea8b\" data-element_type=\"column\" data-e-type=\"column\">\n\t\t\t<div class=\"elementor-widget-wrap elementor-element-populated\">\n\t\t\t\t\t\t<section class=\"elementor-section elementor-inner-section elementor-element elementor-element-0910012 elementor-section-boxed elementor-section-height-default elementor-section-height-default wpr-particle-no wpr-jarallax-no wpr-parallax-no wpr-sticky-section-no\" data-id=\"0910012\" data-element_type=\"section\" data-e-type=\"section\">\n\t\t\t\t\t\t<div class=\"elementor-container elementor-column-gap-default\">\n\t\t\t\t\t<div class=\"elementor-column elementor-col-50 elementor-inner-column elementor-element elementor-element-d9eda31\" data-id=\"d9eda31\" data-element_type=\"column\" data-e-type=\"column\" data-settings=\"{&quot;background_background&quot;:&quot;classic&quot;}\">\n\t\t\t<div class=\"elementor-widget-wrap elementor-element-populated\">\n\t\t\t\t\t\t<div class=\"elementor-element elementor-element-aaf9ba4 elementor-widget elementor-widget-heading\" data-id=\"aaf9ba4\" data-element_type=\"widget\" data-e-type=\"widget\" data-widget_type=\"heading.default\">\n\t\t\t\t<div class=\"elementor-widget-container\">\n\t\t\t\t\t<h2 class=\"elementor-heading-title elementor-size-default\">Silleteando<\/h2>\t\t\t\t<\/div>\n\t\t\t\t<\/div>\n\t\t\t\t<div class=\"elementor-element elementor-element-8a3396e elementor-widget elementor-widget-text-editor\" data-id=\"8a3396e\" data-element_type=\"widget\" data-e-type=\"widget\" data-widget_type=\"text-editor.default\">\n\t\t\t\t<div class=\"elementor-widget-container\">\n\t\t\t\t\t\t\t\t\t<p>Una obra que celebra la<br \/>tradici\u00f3n silletera de<br \/>Medell\u00edn, conectando con la<br \/>identidad y nostalgia de sus<br \/>habitantes. Las nuevas<br \/>generaciones de artistas<br \/>exploran esta riqueza<br \/>cultural con una perspectiva<br \/>moderna, desplegando<br \/>estilos musicales, colores y<br \/>magia a trav\u00e9s de historias,<br \/>mitos y leyendas<\/p>\t\t\t\t\t\t\t\t<\/div>\n\t\t\t\t<\/div>\n\t\t\t\t\t<\/div>\n\t\t<\/div>\n\t\t\t\t<div class=\"elementor-column elementor-col-50 elementor-inner-column elementor-element elementor-element-8423202\" data-id=\"8423202\" data-element_type=\"column\" data-e-type=\"column\">\n\t\t\t<div class=\"elementor-widget-wrap elementor-element-populated\">\n\t\t\t\t\t\t<div class=\"elementor-element elementor-element-235c1f7 elementor-widget elementor-widget-image\" data-id=\"235c1f7\" data-element_type=\"widget\" data-e-type=\"widget\" data-widget_type=\"image.default\">\n\t\t\t\t<div class=\"elementor-widget-container\">\n\t\t\t\t\t\t\t\t\t\t\t\t\t\t\t<img decoding=\"async\" src=\"https:\/\/fundacionsirenaica.org\/home\/wp-content\/uploads\/elementor\/thumbs\/Mujer-con-Difraz-de-Campesina-Antioquena-quenb9y46xyat4trhenbq25fotkgxwhwlb9vv1p57k.png\" title=\"Mujer-con-Difraz-de-Campesina-Antioque\u00f1a\" alt=\"Mujer-con-Difraz-de-Campesina-Antioque\u00f1a\" loading=\"lazy\" \/>\t\t\t\t\t\t\t\t\t\t\t\t\t\t\t<\/div>\n\t\t\t\t<\/div>\n\t\t\t\t\t<\/div>\n\t\t<\/div>\n\t\t\t\t\t<\/div>\n\t\t<\/section>\n\t\t\t\t\t<\/div>\n\t\t<\/div>\n\t\t\t\t\t<\/div>\n\t\t<\/section>\n\t\t\t\t<section class=\"elementor-section elementor-top-section elementor-element elementor-element-4aa0c82 elementor-section-boxed elementor-section-height-default elementor-section-height-default wpr-particle-no wpr-jarallax-no wpr-parallax-no wpr-sticky-section-no\" data-id=\"4aa0c82\" data-element_type=\"section\" data-e-type=\"section\" data-settings=\"{&quot;background_background&quot;:&quot;classic&quot;}\">\n\t\t\t\t\t\t<div class=\"elementor-container elementor-column-gap-default\">\n\t\t\t\t\t<div class=\"elementor-column elementor-col-100 elementor-top-column elementor-element elementor-element-f8cabda\" data-id=\"f8cabda\" data-element_type=\"column\" data-e-type=\"column\">\n\t\t\t<div class=\"elementor-widget-wrap elementor-element-populated\">\n\t\t\t\t\t\t<section class=\"elementor-section elementor-inner-section elementor-element elementor-element-467ced5 elementor-section-boxed elementor-section-height-default elementor-section-height-default wpr-particle-no wpr-jarallax-no wpr-parallax-no wpr-sticky-section-no\" data-id=\"467ced5\" data-element_type=\"section\" data-e-type=\"section\">\n\t\t\t\t\t\t<div class=\"elementor-container elementor-column-gap-default\">\n\t\t\t\t\t<div class=\"elementor-column elementor-col-25 elementor-inner-column elementor-element elementor-element-e1cdd06\" data-id=\"e1cdd06\" data-element_type=\"column\" data-e-type=\"column\">\n\t\t\t<div class=\"elementor-widget-wrap\">\n\t\t\t\t\t\t\t<\/div>\n\t\t<\/div>\n\t\t\t\t<div class=\"elementor-column elementor-col-25 elementor-inner-column elementor-element elementor-element-0e64541\" data-id=\"0e64541\" data-element_type=\"column\" data-e-type=\"column\" data-settings=\"{&quot;background_background&quot;:&quot;classic&quot;}\">\n\t\t\t<div class=\"elementor-widget-wrap elementor-element-populated\">\n\t\t\t\t\t\t<div class=\"elementor-element elementor-element-fcde5a2 elementor-widget elementor-widget-heading\" data-id=\"fcde5a2\" data-element_type=\"widget\" data-e-type=\"widget\" data-widget_type=\"heading.default\">\n\t\t\t\t<div class=\"elementor-widget-container\">\n\t\t\t\t\t<h2 class=\"elementor-heading-title elementor-size-default\">Sagrado\n<\/h2>\t\t\t\t<\/div>\n\t\t\t\t<\/div>\n\t\t\t\t<div class=\"elementor-element elementor-element-a9bb3ae elementor-widget elementor-widget-text-editor\" data-id=\"a9bb3ae\" data-element_type=\"widget\" data-e-type=\"widget\" data-widget_type=\"text-editor.default\">\n\t\t\t\t<div class=\"elementor-widget-container\">\n\t\t\t\t\t\t\t\t\t<p>M\u00fasica coral<br \/>concebida para ser<br \/>cantada en contextos<br \/>espirituales y de<br \/>reflexi\u00f3n,<br \/>interpretada a capella<br \/>o con<br \/>acompa\u00f1amiento.<\/p>\t\t\t\t\t\t\t\t<\/div>\n\t\t\t\t<\/div>\n\t\t\t\t<div class=\"elementor-element elementor-element-e6420d8 elementor-widget elementor-widget-spacer\" data-id=\"e6420d8\" data-element_type=\"widget\" data-e-type=\"widget\" data-widget_type=\"spacer.default\">\n\t\t\t\t<div class=\"elementor-widget-container\">\n\t\t\t\t\t\t\t<div class=\"elementor-spacer\">\n\t\t\t<div class=\"elementor-spacer-inner\"><\/div>\n\t\t<\/div>\n\t\t\t\t\t\t<\/div>\n\t\t\t\t<\/div>\n\t\t\t\t\t<\/div>\n\t\t<\/div>\n\t\t\t\t<div class=\"elementor-column elementor-col-25 elementor-inner-column elementor-element elementor-element-20a582c\" data-id=\"20a582c\" data-element_type=\"column\" data-e-type=\"column\">\n\t\t\t<div class=\"elementor-widget-wrap\">\n\t\t\t\t\t\t\t<\/div>\n\t\t<\/div>\n\t\t\t\t<div class=\"elementor-column elementor-col-25 elementor-inner-column elementor-element elementor-element-32d262d\" data-id=\"32d262d\" data-element_type=\"column\" data-e-type=\"column\">\n\t\t\t<div class=\"elementor-widget-wrap elementor-element-populated\">\n\t\t\t\t\t\t<div class=\"elementor-element elementor-element-5929daf elementor-widget elementor-widget-spacer\" data-id=\"5929daf\" data-element_type=\"widget\" data-e-type=\"widget\" data-widget_type=\"spacer.default\">\n\t\t\t\t<div class=\"elementor-widget-container\">\n\t\t\t\t\t\t\t<div class=\"elementor-spacer\">\n\t\t\t<div class=\"elementor-spacer-inner\"><\/div>\n\t\t<\/div>\n\t\t\t\t\t\t<\/div>\n\t\t\t\t<\/div>\n\t\t\t\t<div class=\"elementor-element elementor-element-9791ef9 elementor-widget elementor-widget-image\" data-id=\"9791ef9\" data-element_type=\"widget\" data-e-type=\"widget\" data-widget_type=\"image.default\">\n\t\t\t\t<div class=\"elementor-widget-container\">\n\t\t\t\t\t\t\t\t\t\t\t\t\t\t\t<img loading=\"lazy\" decoding=\"async\" width=\"504\" height=\"360\" src=\"https:\/\/fundacionsirenaica.org\/home\/wp-content\/uploads\/2024\/09\/Coro-de-Sirenaica-Cantando.png\" class=\"attachment-large size-large wp-image-11225\" alt=\"\" srcset=\"https:\/\/fundacionsirenaica.org\/home\/wp-content\/uploads\/2024\/09\/Coro-de-Sirenaica-Cantando.png 504w, https:\/\/fundacionsirenaica.org\/home\/wp-content\/uploads\/2024\/09\/Coro-de-Sirenaica-Cantando-300x214.png 300w\" sizes=\"(max-width: 504px) 100vw, 504px\" \/>\t\t\t\t\t\t\t\t\t\t\t\t\t\t\t<\/div>\n\t\t\t\t<\/div>\n\t\t\t\t<div class=\"elementor-element elementor-element-3204b4e elementor-widget elementor-widget-spacer\" data-id=\"3204b4e\" data-element_type=\"widget\" data-e-type=\"widget\" data-widget_type=\"spacer.default\">\n\t\t\t\t<div class=\"elementor-widget-container\">\n\t\t\t\t\t\t\t<div class=\"elementor-spacer\">\n\t\t\t<div class=\"elementor-spacer-inner\"><\/div>\n\t\t<\/div>\n\t\t\t\t\t\t<\/div>\n\t\t\t\t<\/div>\n\t\t\t\t\t<\/div>\n\t\t<\/div>\n\t\t\t\t\t<\/div>\n\t\t<\/section>\n\t\t\t\t\t<\/div>\n\t\t<\/div>\n\t\t\t\t\t<\/div>\n\t\t<\/section>\n\t\t\t\t<section class=\"elementor-section elementor-top-section elementor-element elementor-element-974dc1e elementor-section-boxed elementor-section-height-default elementor-section-height-default wpr-particle-no wpr-jarallax-no wpr-parallax-no wpr-sticky-section-no\" data-id=\"974dc1e\" data-element_type=\"section\" data-e-type=\"section\" data-settings=\"{&quot;background_background&quot;:&quot;classic&quot;}\">\n\t\t\t\t\t\t<div class=\"elementor-container elementor-column-gap-default\">\n\t\t\t\t\t<div class=\"elementor-column elementor-col-100 elementor-top-column elementor-element elementor-element-b813135\" data-id=\"b813135\" data-element_type=\"column\" data-e-type=\"column\">\n\t\t\t<div class=\"elementor-widget-wrap elementor-element-populated\">\n\t\t\t\t\t\t<section class=\"elementor-section elementor-inner-section elementor-element elementor-element-1a49edc elementor-section-boxed elementor-section-height-default elementor-section-height-default wpr-particle-no wpr-jarallax-no wpr-parallax-no wpr-sticky-section-no\" data-id=\"1a49edc\" data-element_type=\"section\" data-e-type=\"section\">\n\t\t\t\t\t\t<div class=\"elementor-container elementor-column-gap-default\">\n\t\t\t\t\t<div class=\"elementor-column elementor-col-50 elementor-inner-column elementor-element elementor-element-8526f1b\" data-id=\"8526f1b\" data-element_type=\"column\" data-e-type=\"column\">\n\t\t\t<div class=\"elementor-widget-wrap elementor-element-populated\">\n\t\t\t\t\t\t<div class=\"elementor-element elementor-element-bbb14e6 elementor-widget elementor-widget-image\" data-id=\"bbb14e6\" data-element_type=\"widget\" data-e-type=\"widget\" data-widget_type=\"image.default\">\n\t\t\t\t<div class=\"elementor-widget-container\">\n\t\t\t\t\t\t\t\t\t\t\t\t\t\t\t<img loading=\"lazy\" decoding=\"async\" width=\"800\" height=\"750\" src=\"https:\/\/fundacionsirenaica.org\/home\/wp-content\/uploads\/2022\/09\/imagen-banner-9.jpg\" class=\"attachment-large size-large wp-image-9548\" alt=\"eventos decembrinos y navide\u00f1os\" srcset=\"https:\/\/fundacionsirenaica.org\/home\/wp-content\/uploads\/2022\/09\/imagen-banner-9.jpg 800w, https:\/\/fundacionsirenaica.org\/home\/wp-content\/uploads\/2022\/09\/imagen-banner-9-300x281.jpg 300w, https:\/\/fundacionsirenaica.org\/home\/wp-content\/uploads\/2022\/09\/imagen-banner-9-768x720.jpg 768w, https:\/\/fundacionsirenaica.org\/home\/wp-content\/uploads\/2022\/09\/imagen-banner-9-600x563.jpg 600w\" sizes=\"(max-width: 800px) 100vw, 800px\" \/>\t\t\t\t\t\t\t\t\t\t\t\t\t\t\t<\/div>\n\t\t\t\t<\/div>\n\t\t\t\t\t<\/div>\n\t\t<\/div>\n\t\t\t\t<div class=\"elementor-column elementor-col-50 elementor-inner-column elementor-element elementor-element-85b5842\" data-id=\"85b5842\" data-element_type=\"column\" data-e-type=\"column\">\n\t\t\t<div class=\"elementor-widget-wrap elementor-element-populated\">\n\t\t\t\t\t\t<div class=\"elementor-element elementor-element-dd71b77 elementor-widget elementor-widget-heading\" data-id=\"dd71b77\" data-element_type=\"widget\" data-e-type=\"widget\" data-widget_type=\"heading.default\">\n\t\t\t\t<div class=\"elementor-widget-container\">\n\t\t\t\t\t<h2 class=\"elementor-heading-title elementor-size-default\">Pregones Navide\u00f1os<\/h2>\t\t\t\t<\/div>\n\t\t\t\t<\/div>\n\t\t\t\t<div class=\"elementor-element elementor-element-278984e elementor-widget elementor-widget-text-editor\" data-id=\"278984e\" data-element_type=\"widget\" data-e-type=\"widget\" data-widget_type=\"text-editor.default\">\n\t\t\t\t<div class=\"elementor-widget-container\">\n\t\t\t\t\t\t\t\t\t<p>Voces infantiles que anuncian la alegr\u00eda de la navidad.<\/p>\t\t\t\t\t\t\t\t<\/div>\n\t\t\t\t<\/div>\n\t\t\t\t<div class=\"elementor-element elementor-element-60e9468 elementor-widget elementor-widget-heading\" data-id=\"60e9468\" data-element_type=\"widget\" data-e-type=\"widget\" data-widget_type=\"heading.default\">\n\t\t\t\t<div class=\"elementor-widget-container\">\n\t\t\t\t\t<h2 class=\"elementor-heading-title elementor-size-default\">La estrella de bel\u00e9n<\/h2>\t\t\t\t<\/div>\n\t\t\t\t<\/div>\n\t\t\t\t<div class=\"elementor-element elementor-element-037743f elementor-widget elementor-widget-text-editor\" data-id=\"037743f\" data-element_type=\"widget\" data-e-type=\"widget\" data-widget_type=\"text-editor.default\">\n\t\t\t\t<div class=\"elementor-widget-container\">\n\t\t\t\t\t\t\t\t\t<p>Canciones alegres que regocijan el esp\u00edritu, haciendo de esta \u00e9poca navide\u00f1a, una oportunidad para cosechar los mas bonitos sentimientos y compartirlos con quienes nos rodean.<\/p>\t\t\t\t\t\t\t\t<\/div>\n\t\t\t\t<\/div>\n\t\t\t\t<div class=\"elementor-element elementor-element-5d5edc6 elementor-widget elementor-widget-heading\" data-id=\"5d5edc6\" data-element_type=\"widget\" data-e-type=\"widget\" data-widget_type=\"heading.default\">\n\t\t\t\t<div class=\"elementor-widget-container\">\n\t\t\t\t\t<h2 class=\"elementor-heading-title elementor-size-default\">Hay motivos para so\u00f1ar<\/h2>\t\t\t\t<\/div>\n\t\t\t\t<\/div>\n\t\t\t\t<div class=\"elementor-element elementor-element-b00faf4 elementor-widget elementor-widget-text-editor\" data-id=\"b00faf4\" data-element_type=\"widget\" data-e-type=\"widget\" data-widget_type=\"text-editor.default\">\n\t\t\t\t<div class=\"elementor-widget-container\">\n\t\t\t\t\t\t\t\t\t<p>Repertorio de villancicos tradicionales y canciones navide\u00f1as del mundo.<\/p>\t\t\t\t\t\t\t\t<\/div>\n\t\t\t\t<\/div>\n\t\t\t\t<div class=\"elementor-element elementor-element-eae1463 elementor-widget elementor-widget-heading\" data-id=\"eae1463\" data-element_type=\"widget\" data-e-type=\"widget\" data-widget_type=\"heading.default\">\n\t\t\t\t<div class=\"elementor-widget-container\">\n\t\t\t\t\t<h2 class=\"elementor-heading-title elementor-size-default\">Peque\u00f1os ensambles\nnavide\u00f1os<\/h2>\t\t\t\t<\/div>\n\t\t\t\t<\/div>\n\t\t\t\t<div class=\"elementor-element elementor-element-143299f elementor-widget elementor-widget-text-editor\" data-id=\"143299f\" data-element_type=\"widget\" data-e-type=\"widget\" data-widget_type=\"text-editor.default\">\n\t\t\t\t<div class=\"elementor-widget-container\">\n\t\t\t\t\t\t\t\t\t<p>Los villancicos tradicionales cobran vida con una propuesta esc\u00e9nica cautivadora, que invita a celebrar la magia navide\u00f1a.<\/p>\t\t\t\t\t\t\t\t<\/div>\n\t\t\t\t<\/div>\n\t\t\t\t\t<\/div>\n\t\t<\/div>\n\t\t\t\t\t<\/div>\n\t\t<\/section>\n\t\t\t\t\t<\/div>\n\t\t<\/div>\n\t\t\t\t\t<\/div>\n\t\t<\/section>\n\t\t\t\t<section class=\"elementor-section elementor-top-section elementor-element elementor-element-a3799f1 elementor-section-boxed elementor-section-height-default elementor-section-height-default wpr-particle-no wpr-jarallax-no wpr-parallax-no wpr-sticky-section-no\" data-id=\"a3799f1\" data-element_type=\"section\" data-e-type=\"section\" data-settings=\"{&quot;background_background&quot;:&quot;classic&quot;}\">\n\t\t\t\t\t\t<div class=\"elementor-container elementor-column-gap-default\">\n\t\t\t\t\t<div class=\"elementor-column elementor-col-100 elementor-top-column elementor-element elementor-element-1758cd4\" data-id=\"1758cd4\" data-element_type=\"column\" data-e-type=\"column\">\n\t\t\t<div class=\"elementor-widget-wrap elementor-element-populated\">\n\t\t\t\t\t\t<section class=\"elementor-section elementor-inner-section elementor-element elementor-element-a42a0a2 elementor-section-boxed elementor-section-height-default elementor-section-height-default wpr-particle-no wpr-jarallax-no wpr-parallax-no wpr-sticky-section-no\" data-id=\"a42a0a2\" data-element_type=\"section\" data-e-type=\"section\">\n\t\t\t\t\t\t<div class=\"elementor-container elementor-column-gap-default\">\n\t\t\t\t\t<div class=\"elementor-column elementor-col-100 elementor-inner-column elementor-element elementor-element-9640584\" data-id=\"9640584\" data-element_type=\"column\" data-e-type=\"column\">\n\t\t\t<div class=\"elementor-widget-wrap elementor-element-populated\">\n\t\t\t\t\t\t<div class=\"elementor-element elementor-element-205fdb1 elementor-widget elementor-widget-heading\" data-id=\"205fdb1\" data-element_type=\"widget\" data-e-type=\"widget\" data-widget_type=\"heading.default\">\n\t\t\t\t<div class=\"elementor-widget-container\">\n\t\t\t\t\t<h2 class=\"elementor-heading-title elementor-size-default\">Contrata a Sirenaica para tus Eventos Navide\u00f1os<\/h2>\t\t\t\t<\/div>\n\t\t\t\t<\/div>\n\t\t\t\t<div class=\"elementor-element elementor-element-0c28c42 elementor-widget elementor-widget-text-editor\" data-id=\"0c28c42\" data-element_type=\"widget\" data-e-type=\"widget\" data-widget_type=\"text-editor.default\">\n\t\t\t\t<div class=\"elementor-widget-container\">\n\t\t\t\t\t\t\t\t\t<p>\u00bfQuieres tener un diciembre \u00fanico e inolvidable? \u00a1No busques m\u00e1s! Sirenaica, est\u00e1 listo para llevar el esplendor de la navidad a tu celebraci\u00f3n. Con voces angelicales y un repertorio sin igual, convertir\u00e1n tu evento en una experiencia inolvidable.<\/p>\t\t\t\t\t\t\t\t<\/div>\n\t\t\t\t<\/div>\n\t\t\t\t<div class=\"elementor-element elementor-element-d1bc55f elementor-align-center elementor-widget elementor-widget-button\" data-id=\"d1bc55f\" data-element_type=\"widget\" data-e-type=\"widget\" data-widget_type=\"button.default\">\n\t\t\t\t<div class=\"elementor-widget-container\">\n\t\t\t\t\t\t\t\t\t<div class=\"elementor-button-wrapper\">\n\t\t\t\t\t<a class=\"elementor-button elementor-button-link elementor-size-md\" href=\"https:\/\/fundacionsirenaica.org\/home\/coro-musica-navidena\/\">\n\t\t\t\t\t\t<span class=\"elementor-button-content-wrapper\">\n\t\t\t\t\t\t\t\t\t<span class=\"elementor-button-text\">Conoce como celebrar la navidad con Sirenaica<\/span>\n\t\t\t\t\t<\/span>\n\t\t\t\t\t<\/a>\n\t\t\t\t<\/div>\n\t\t\t\t\t\t\t\t<\/div>\n\t\t\t\t<\/div>\n\t\t\t\t\t<\/div>\n\t\t<\/div>\n\t\t\t\t\t<\/div>\n\t\t<\/section>\n\t\t\t\t\t<\/div>\n\t\t<\/div>\n\t\t\t\t\t<\/div>\n\t\t<\/section>\n\t\t\t\t<section class=\"elementor-section elementor-top-section elementor-element elementor-element-eec99b5 elementor-section-boxed elementor-section-height-default elementor-section-height-default wpr-particle-no wpr-jarallax-no wpr-parallax-no wpr-sticky-section-no\" data-id=\"eec99b5\" data-element_type=\"section\" data-e-type=\"section\" data-settings=\"{&quot;background_background&quot;:&quot;classic&quot;}\">\n\t\t\t\t\t\t<div class=\"elementor-container elementor-column-gap-default\">\n\t\t\t\t\t<div class=\"elementor-column elementor-col-100 elementor-top-column elementor-element elementor-element-d852a01\" data-id=\"d852a01\" data-element_type=\"column\" data-e-type=\"column\">\n\t\t\t<div class=\"elementor-widget-wrap elementor-element-populated\">\n\t\t\t\t\t\t<section class=\"elementor-section elementor-inner-section elementor-element elementor-element-6ccf7ab elementor-section-boxed elementor-section-height-default elementor-section-height-default wpr-particle-no wpr-jarallax-no wpr-parallax-no wpr-sticky-section-no\" data-id=\"6ccf7ab\" data-element_type=\"section\" data-e-type=\"section\">\n\t\t\t\t\t\t<div class=\"elementor-container elementor-column-gap-default\">\n\t\t\t\t\t<div class=\"elementor-column elementor-col-50 elementor-inner-column elementor-element elementor-element-d54776c\" data-id=\"d54776c\" data-element_type=\"column\" data-e-type=\"column\">\n\t\t\t<div class=\"elementor-widget-wrap elementor-element-populated\">\n\t\t\t\t\t\t<div class=\"elementor-element elementor-element-a580d6b elementor-widget elementor-widget-image\" data-id=\"a580d6b\" data-element_type=\"widget\" data-e-type=\"widget\" data-widget_type=\"image.default\">\n\t\t\t\t<div class=\"elementor-widget-container\">\n\t\t\t\t\t\t\t\t\t\t\t\t\t\t\t<img loading=\"lazy\" decoding=\"async\" width=\"500\" height=\"310\" src=\"https:\/\/fundacionsirenaica.org\/home\/wp-content\/uploads\/2022\/09\/sirenaica.png\" class=\"attachment-large size-large wp-image-9553\" alt=\"\" srcset=\"https:\/\/fundacionsirenaica.org\/home\/wp-content\/uploads\/2022\/09\/sirenaica.png 500w, https:\/\/fundacionsirenaica.org\/home\/wp-content\/uploads\/2022\/09\/sirenaica-300x186.png 300w\" sizes=\"(max-width: 500px) 100vw, 500px\" \/>\t\t\t\t\t\t\t\t\t\t\t\t\t\t\t<\/div>\n\t\t\t\t<\/div>\n\t\t\t\t\t<\/div>\n\t\t<\/div>\n\t\t\t\t<div class=\"elementor-column elementor-col-50 elementor-inner-column elementor-element elementor-element-1d64348\" data-id=\"1d64348\" data-element_type=\"column\" data-e-type=\"column\">\n\t\t\t<div class=\"elementor-widget-wrap elementor-element-populated\">\n\t\t\t\t\t\t<div class=\"elementor-element elementor-element-6ae216e elementor-widget elementor-widget-heading\" data-id=\"6ae216e\" data-element_type=\"widget\" data-e-type=\"widget\" data-widget_type=\"heading.default\">\n\t\t\t\t<div class=\"elementor-widget-container\">\n\t\t\t\t\t<h2 class=\"elementor-heading-title elementor-size-default\">Cont\u00e1ctanos<\/h2>\t\t\t\t<\/div>\n\t\t\t\t<\/div>\n\t\t\t\t<div class=\"elementor-element elementor-element-be9a1f5 elementor-align-start elementor-mobile-align-start elementor-icon-list--layout-traditional elementor-list-item-link-full_width elementor-widget elementor-widget-icon-list\" data-id=\"be9a1f5\" data-element_type=\"widget\" data-e-type=\"widget\" data-widget_type=\"icon-list.default\">\n\t\t\t\t<div class=\"elementor-widget-container\">\n\t\t\t\t\t\t\t<ul class=\"elementor-icon-list-items\">\n\t\t\t\t\t\t\t<li class=\"elementor-icon-list-item\">\n\t\t\t\t\t\t\t\t\t\t\t<span class=\"elementor-icon-list-icon\">\n\t\t\t\t\t\t\t<i aria-hidden=\"true\" class=\"fas fa-envelope\"><\/i>\t\t\t\t\t\t<\/span>\n\t\t\t\t\t\t\t\t\t\t<span class=\"elementor-icon-list-text\">imejia@fundacionsirenaica.org<\/span>\n\t\t\t\t\t\t\t\t\t<\/li>\n\t\t\t\t\t\t\t\t<li class=\"elementor-icon-list-item\">\n\t\t\t\t\t\t\t\t\t\t\t<span class=\"elementor-icon-list-icon\">\n\t\t\t\t\t\t\t<i aria-hidden=\"true\" class=\"fas fa-mobile-alt\"><\/i>\t\t\t\t\t\t<\/span>\n\t\t\t\t\t\t\t\t\t\t<span class=\"elementor-icon-list-text\">+57 310 425 35 54<\/span>\n\t\t\t\t\t\t\t\t\t<\/li>\n\t\t\t\t\t\t\t\t<li class=\"elementor-icon-list-item\">\n\t\t\t\t\t\t\t\t\t\t\t<span class=\"elementor-icon-list-icon\">\n\t\t\t\t\t\t\t<i aria-hidden=\"true\" class=\"fab fa-instagram\"><\/i>\t\t\t\t\t\t<\/span>\n\t\t\t\t\t\t\t\t\t\t<span class=\"elementor-icon-list-text\">@fundacionsirenaica<\/span>\n\t\t\t\t\t\t\t\t\t<\/li>\n\t\t\t\t\t\t\t\t<li class=\"elementor-icon-list-item\">\n\t\t\t\t\t\t\t\t\t\t\t<span class=\"elementor-icon-list-icon\">\n\t\t\t\t\t\t\t<i aria-hidden=\"true\" class=\"fab fa-facebook\"><\/i>\t\t\t\t\t\t<\/span>\n\t\t\t\t\t\t\t\t\t\t<span class=\"elementor-icon-list-text\">Sirenaica<\/span>\n\t\t\t\t\t\t\t\t\t<\/li>\n\t\t\t\t\t\t\t\t<li class=\"elementor-icon-list-item\">\n\t\t\t\t\t\t\t\t\t\t\t<span class=\"elementor-icon-list-icon\">\n\t\t\t\t\t\t\t<i aria-hidden=\"true\" class=\"fab fa-youtube\"><\/i>\t\t\t\t\t\t<\/span>\n\t\t\t\t\t\t\t\t\t\t<span class=\"elementor-icon-list-text\">Sirenaica<\/span>\n\t\t\t\t\t\t\t\t\t<\/li>\n\t\t\t\t\t\t<\/ul>\n\t\t\t\t\t\t<\/div>\n\t\t\t\t<\/div>\n\t\t\t\t\t<\/div>\n\t\t<\/div>\n\t\t\t\t\t<\/div>\n\t\t<\/section>\n\t\t\t\t\t<\/div>\n\t\t<\/div>\n\t\t\t\t\t<\/div>\n\t\t<\/section>\n\t\t\t\t<\/div>\n\t\t","protected":false},"excerpt":{"rendered":"<p>Sobre Nosotros Somos un proyecto deformaci\u00f3n, expresi\u00f3n,reconocimiento e inclusi\u00f3nsocial, educativa y cultural paralos ni\u00f1os y j\u00f3venes que viven enel valle de aburr\u00e1. Nuestros Programas Ofrecemos un amplio portafolio de conciertos con lossemilleros de ni\u00f1os y ni\u00f1as, coros juveniles y coros deproyecci\u00f3n. Mi Colombia Inspirado en nuestras ra\u00edces Colombianas, ancestros, valles, monta\u00f1as, llanuras, r\u00edos y mares. Nuestra latinoam\u00e9rica Celebramos la diversidad cultural de nuestro continente atrav\u00e9s de canciones que recorren sus tradiciones, ritmos y lenguas. Ra\u00edces Obras de diferentes estilos musicales inspiradas en la naturaleza, el amor y la m\u00edstica. Ens\u00e9\u00f1ame a so\u00f1ar Un viaje musical que despierta la imaginaci\u00f3n y la esperanza, con canciones que inspiran y motivan a so\u00f1ar en grande. Acuarela Canciones, emociones y sentimientos, expresadas con la voz, el cuerpo y el color. Una invitaci\u00f3n a hacer de la vida una obra de arte y comprenderla como un lienzo abierto para colorear. Juguemos en el bosque Una experiencia familiar donde se canta y se juega al comp\u00e1s de las rondas y canciones infantiles. Piccolo tropical Ritmos y canciones tropicales que celebran el r\u00edo, mar, bosque y selva, donde las voces de los ni\u00f1os siembran esperanza para proteger y cuidar nuestra casa com\u00fan Cuentos y m\u00e1scaras Viaje musical al mundo de la fantas\u00eda con h\u00e9roes, princesas, brujas y villanos, recordando canciones ic\u00f3nicas de la infancia. Flashmob Intervenci\u00f3n musical de peque\u00f1o formato con tem\u00e1tica espec\u00edfica: Cl\u00e1sicos de los 60\u00b4s, 70\u00b4s, 80\u00b4s y 90\u00b4s Serenata (m\u00fasica colombiana, boleros) Disney Brodway M\u00fasica internacional Navidad Cantarte Arte en canci\u00f3n y poes\u00eda. Una tertulia para compartir con amigos. Fresa Salvaje Velada del recuerdo en el g\u00e9nero balada pop de las d\u00e9cadas 60s, 70s, 80s y 90s, interpretadas por solistas, d\u00faos y peque\u00f1os ensambles. Silleteando Una obra que celebra latradici\u00f3n silletera deMedell\u00edn, conectando con laidentidad y nostalgia de sushabitantes. Las nuevasgeneraciones de artistasexploran esta riquezacultural con una perspectivamoderna, desplegandoestilos musicales, colores ymagia a trav\u00e9s de historias,mitos y leyendas Sagrado M\u00fasica coralconcebida para sercantada en contextosespirituales y dereflexi\u00f3n,interpretada a capellao conacompa\u00f1amiento. Pregones Navide\u00f1os Voces infantiles que anuncian la alegr\u00eda de la navidad. La estrella de bel\u00e9n Canciones alegres que regocijan el esp\u00edritu, haciendo de esta \u00e9poca navide\u00f1a, una oportunidad para cosechar los mas bonitos sentimientos y compartirlos con quienes nos rodean. Hay motivos para so\u00f1ar Repertorio de villancicos tradicionales y canciones navide\u00f1as del mundo. Peque\u00f1os ensambles navide\u00f1os Los villancicos tradicionales cobran vida con una propuesta esc\u00e9nica cautivadora, que invita a celebrar la magia navide\u00f1a. Contrata a Sirenaica para tus Eventos Navide\u00f1os \u00bfQuieres tener un diciembre \u00fanico e inolvidable? \u00a1No busques m\u00e1s! Sirenaica, est\u00e1 listo para llevar el esplendor de la navidad a tu celebraci\u00f3n. Con voces angelicales y un repertorio sin igual, convertir\u00e1n tu evento en una experiencia inolvidable. Conoce como celebrar la navidad con Sirenaica Cont\u00e1ctanos imejia@fundacionsirenaica.org +57 310 425 35 54 @fundacionsirenaica Sirenaica Sirenaica<\/p>\n","protected":false},"author":1,"featured_media":0,"parent":0,"menu_order":0,"comment_status":"closed","ping_status":"closed","template":"","meta":{"footnotes":""},"class_list":["post-8470","page","type-page","status-publish","hentry"],"yoast_head":"<!-- This site is optimized with the Yoast SEO plugin v27.3 - https:\/\/yoast.com\/product\/yoast-seo-wordpress\/ -->\n<title>Portafolio - Fundaci\u00f3n Sirenaica<\/title>\n<meta name=\"robots\" content=\"index, follow, max-snippet:-1, max-image-preview:large, max-video-preview:-1\" \/>\n<link rel=\"canonical\" href=\"https:\/\/fundacionsirenaica.org\/home\/nuestro-portafolio\/\" \/>\n<meta property=\"og:locale\" content=\"es_ES\" \/>\n<meta property=\"og:type\" content=\"article\" \/>\n<meta property=\"og:title\" content=\"Portafolio - Fundaci\u00f3n Sirenaica\" \/>\n<meta property=\"og:description\" content=\"Sobre Nosotros Somos un proyecto deformaci\u00f3n, expresi\u00f3n,reconocimiento e inclusi\u00f3nsocial, educativa y cultural paralos ni\u00f1os y j\u00f3venes que viven enel valle de aburr\u00e1. Nuestros Programas Ofrecemos un amplio portafolio de conciertos con lossemilleros de ni\u00f1os y ni\u00f1as, coros juveniles y coros deproyecci\u00f3n. Mi Colombia Inspirado en nuestras ra\u00edces Colombianas, ancestros, valles, monta\u00f1as, llanuras, r\u00edos y mares. Nuestra latinoam\u00e9rica Celebramos la diversidad cultural de nuestro continente atrav\u00e9s de canciones que recorren sus tradiciones, ritmos y lenguas. Ra\u00edces Obras de diferentes estilos musicales inspiradas en la naturaleza, el amor y la m\u00edstica. Ens\u00e9\u00f1ame a so\u00f1ar Un viaje musical que despierta la imaginaci\u00f3n y la esperanza, con canciones que inspiran y motivan a so\u00f1ar en grande. Acuarela Canciones, emociones y sentimientos, expresadas con la voz, el cuerpo y el color. Una invitaci\u00f3n a hacer de la vida una obra de arte y comprenderla como un lienzo abierto para colorear. Juguemos en el bosque Una experiencia familiar donde se canta y se juega al comp\u00e1s de las rondas y canciones infantiles. Piccolo tropical Ritmos y canciones tropicales que celebran el r\u00edo, mar, bosque y selva, donde las voces de los ni\u00f1os siembran esperanza para proteger y cuidar nuestra casa com\u00fan Cuentos y m\u00e1scaras Viaje musical al mundo de la fantas\u00eda con h\u00e9roes, princesas, brujas y villanos, recordando canciones ic\u00f3nicas de la infancia. Flashmob Intervenci\u00f3n musical de peque\u00f1o formato con tem\u00e1tica espec\u00edfica: Cl\u00e1sicos de los 60\u00b4s, 70\u00b4s, 80\u00b4s y 90\u00b4s Serenata (m\u00fasica colombiana, boleros) Disney Brodway M\u00fasica internacional Navidad Cantarte Arte en canci\u00f3n y poes\u00eda. Una tertulia para compartir con amigos. Fresa Salvaje Velada del recuerdo en el g\u00e9nero balada pop de las d\u00e9cadas 60s, 70s, 80s y 90s, interpretadas por solistas, d\u00faos y peque\u00f1os ensambles. Silleteando Una obra que celebra latradici\u00f3n silletera deMedell\u00edn, conectando con laidentidad y nostalgia de sushabitantes. Las nuevasgeneraciones de artistasexploran esta riquezacultural con una perspectivamoderna, desplegandoestilos musicales, colores ymagia a trav\u00e9s de historias,mitos y leyendas Sagrado M\u00fasica coralconcebida para sercantada en contextosespirituales y dereflexi\u00f3n,interpretada a capellao conacompa\u00f1amiento. Pregones Navide\u00f1os Voces infantiles que anuncian la alegr\u00eda de la navidad. La estrella de bel\u00e9n Canciones alegres que regocijan el esp\u00edritu, haciendo de esta \u00e9poca navide\u00f1a, una oportunidad para cosechar los mas bonitos sentimientos y compartirlos con quienes nos rodean. Hay motivos para so\u00f1ar Repertorio de villancicos tradicionales y canciones navide\u00f1as del mundo. Peque\u00f1os ensambles navide\u00f1os Los villancicos tradicionales cobran vida con una propuesta esc\u00e9nica cautivadora, que invita a celebrar la magia navide\u00f1a. Contrata a Sirenaica para tus Eventos Navide\u00f1os \u00bfQuieres tener un diciembre \u00fanico e inolvidable? \u00a1No busques m\u00e1s! Sirenaica, est\u00e1 listo para llevar el esplendor de la navidad a tu celebraci\u00f3n. Con voces angelicales y un repertorio sin igual, convertir\u00e1n tu evento en una experiencia inolvidable. Conoce como celebrar la navidad con Sirenaica Cont\u00e1ctanos imejia@fundacionsirenaica.org +57 310 425 35 54 @fundacionsirenaica Sirenaica Sirenaica\" \/>\n<meta property=\"og:url\" content=\"https:\/\/fundacionsirenaica.org\/home\/nuestro-portafolio\/\" \/>\n<meta property=\"og:site_name\" content=\"Fundaci\u00f3n Sirenaica\" \/>\n<meta property=\"article:modified_time\" content=\"2024-09-20T22:53:54+00:00\" \/>\n<meta property=\"og:image\" content=\"https:\/\/fundacionsirenaica.org\/home\/wp-content\/uploads\/2022\/08\/portafolio-300x272.png\" \/>\n<meta name=\"twitter:card\" content=\"summary_large_image\" \/>\n<meta name=\"twitter:label1\" content=\"Tiempo de lectura\" \/>\n\t<meta name=\"twitter:data1\" content=\"6 minutos\" \/>\n<script type=\"application\/ld+json\" class=\"yoast-schema-graph\">{\"@context\":\"https:\\\/\\\/schema.org\",\"@graph\":[{\"@type\":\"WebPage\",\"@id\":\"https:\\\/\\\/fundacionsirenaica.org\\\/home\\\/nuestro-portafolio\\\/\",\"url\":\"https:\\\/\\\/fundacionsirenaica.org\\\/home\\\/nuestro-portafolio\\\/\",\"name\":\"Portafolio - Fundaci\u00f3n Sirenaica\",\"isPartOf\":{\"@id\":\"https:\\\/\\\/fundacionsirenaica.org\\\/home\\\/#website\"},\"primaryImageOfPage\":{\"@id\":\"https:\\\/\\\/fundacionsirenaica.org\\\/home\\\/nuestro-portafolio\\\/#primaryimage\"},\"image\":{\"@id\":\"https:\\\/\\\/fundacionsirenaica.org\\\/home\\\/nuestro-portafolio\\\/#primaryimage\"},\"thumbnailUrl\":\"https:\\\/\\\/fundacionsirenaica.org\\\/home\\\/wp-content\\\/uploads\\\/2022\\\/08\\\/portafolio-300x272.png\",\"datePublished\":\"2020-06-06T15:33:24+00:00\",\"dateModified\":\"2024-09-20T22:53:54+00:00\",\"breadcrumb\":{\"@id\":\"https:\\\/\\\/fundacionsirenaica.org\\\/home\\\/nuestro-portafolio\\\/#breadcrumb\"},\"inLanguage\":\"es\",\"potentialAction\":[{\"@type\":\"ReadAction\",\"target\":[\"https:\\\/\\\/fundacionsirenaica.org\\\/home\\\/nuestro-portafolio\\\/\"]}]},{\"@type\":\"ImageObject\",\"inLanguage\":\"es\",\"@id\":\"https:\\\/\\\/fundacionsirenaica.org\\\/home\\\/nuestro-portafolio\\\/#primaryimage\",\"url\":\"https:\\\/\\\/fundacionsirenaica.org\\\/home\\\/wp-content\\\/uploads\\\/2022\\\/08\\\/portafolio.png\",\"contentUrl\":\"https:\\\/\\\/fundacionsirenaica.org\\\/home\\\/wp-content\\\/uploads\\\/2022\\\/08\\\/portafolio.png\",\"width\":500,\"height\":453},{\"@type\":\"BreadcrumbList\",\"@id\":\"https:\\\/\\\/fundacionsirenaica.org\\\/home\\\/nuestro-portafolio\\\/#breadcrumb\",\"itemListElement\":[{\"@type\":\"ListItem\",\"position\":1,\"name\":\"Portada\",\"item\":\"https:\\\/\\\/fundacionsirenaica.org\\\/home\\\/\"},{\"@type\":\"ListItem\",\"position\":2,\"name\":\"Portafolio\"}]},{\"@type\":\"WebSite\",\"@id\":\"https:\\\/\\\/fundacionsirenaica.org\\\/home\\\/#website\",\"url\":\"https:\\\/\\\/fundacionsirenaica.org\\\/home\\\/\",\"name\":\"Fundaci\u00f3n Sirenaica\",\"description\":\"\",\"publisher\":{\"@id\":\"https:\\\/\\\/fundacionsirenaica.org\\\/home\\\/#organization\"},\"potentialAction\":[{\"@type\":\"SearchAction\",\"target\":{\"@type\":\"EntryPoint\",\"urlTemplate\":\"https:\\\/\\\/fundacionsirenaica.org\\\/home\\\/?s={search_term_string}\"},\"query-input\":{\"@type\":\"PropertyValueSpecification\",\"valueRequired\":true,\"valueName\":\"search_term_string\"}}],\"inLanguage\":\"es\"},{\"@type\":\"Organization\",\"@id\":\"https:\\\/\\\/fundacionsirenaica.org\\\/home\\\/#organization\",\"name\":\"Fundaci\u00f3n Sirenaica\",\"url\":\"https:\\\/\\\/fundacionsirenaica.org\\\/home\\\/\",\"logo\":{\"@type\":\"ImageObject\",\"inLanguage\":\"es\",\"@id\":\"https:\\\/\\\/fundacionsirenaica.org\\\/home\\\/#\\\/schema\\\/logo\\\/image\\\/\",\"url\":\"https:\\\/\\\/fundacionsirenaica.org\\\/home\\\/wp-content\\\/uploads\\\/2024\\\/08\\\/Logo-Sireniaca-Nuevo.webp\",\"contentUrl\":\"https:\\\/\\\/fundacionsirenaica.org\\\/home\\\/wp-content\\\/uploads\\\/2024\\\/08\\\/Logo-Sireniaca-Nuevo.webp\",\"width\":800,\"height\":309,\"caption\":\"Fundaci\u00f3n Sirenaica\"},\"image\":{\"@id\":\"https:\\\/\\\/fundacionsirenaica.org\\\/home\\\/#\\\/schema\\\/logo\\\/image\\\/\"}}]}<\/script>\n<!-- \/ Yoast SEO plugin. -->","yoast_head_json":{"title":"Portafolio - Fundaci\u00f3n Sirenaica","robots":{"index":"index","follow":"follow","max-snippet":"max-snippet:-1","max-image-preview":"max-image-preview:large","max-video-preview":"max-video-preview:-1"},"canonical":"https:\/\/fundacionsirenaica.org\/home\/nuestro-portafolio\/","og_locale":"es_ES","og_type":"article","og_title":"Portafolio - Fundaci\u00f3n Sirenaica","og_description":"Sobre Nosotros Somos un proyecto deformaci\u00f3n, expresi\u00f3n,reconocimiento e inclusi\u00f3nsocial, educativa y cultural paralos ni\u00f1os y j\u00f3venes que viven enel valle de aburr\u00e1. Nuestros Programas Ofrecemos un amplio portafolio de conciertos con lossemilleros de ni\u00f1os y ni\u00f1as, coros juveniles y coros deproyecci\u00f3n. Mi Colombia Inspirado en nuestras ra\u00edces Colombianas, ancestros, valles, monta\u00f1as, llanuras, r\u00edos y mares. Nuestra latinoam\u00e9rica Celebramos la diversidad cultural de nuestro continente atrav\u00e9s de canciones que recorren sus tradiciones, ritmos y lenguas. Ra\u00edces Obras de diferentes estilos musicales inspiradas en la naturaleza, el amor y la m\u00edstica. Ens\u00e9\u00f1ame a so\u00f1ar Un viaje musical que despierta la imaginaci\u00f3n y la esperanza, con canciones que inspiran y motivan a so\u00f1ar en grande. Acuarela Canciones, emociones y sentimientos, expresadas con la voz, el cuerpo y el color. Una invitaci\u00f3n a hacer de la vida una obra de arte y comprenderla como un lienzo abierto para colorear. Juguemos en el bosque Una experiencia familiar donde se canta y se juega al comp\u00e1s de las rondas y canciones infantiles. Piccolo tropical Ritmos y canciones tropicales que celebran el r\u00edo, mar, bosque y selva, donde las voces de los ni\u00f1os siembran esperanza para proteger y cuidar nuestra casa com\u00fan Cuentos y m\u00e1scaras Viaje musical al mundo de la fantas\u00eda con h\u00e9roes, princesas, brujas y villanos, recordando canciones ic\u00f3nicas de la infancia. Flashmob Intervenci\u00f3n musical de peque\u00f1o formato con tem\u00e1tica espec\u00edfica: Cl\u00e1sicos de los 60\u00b4s, 70\u00b4s, 80\u00b4s y 90\u00b4s Serenata (m\u00fasica colombiana, boleros) Disney Brodway M\u00fasica internacional Navidad Cantarte Arte en canci\u00f3n y poes\u00eda. Una tertulia para compartir con amigos. Fresa Salvaje Velada del recuerdo en el g\u00e9nero balada pop de las d\u00e9cadas 60s, 70s, 80s y 90s, interpretadas por solistas, d\u00faos y peque\u00f1os ensambles. Silleteando Una obra que celebra latradici\u00f3n silletera deMedell\u00edn, conectando con laidentidad y nostalgia de sushabitantes. Las nuevasgeneraciones de artistasexploran esta riquezacultural con una perspectivamoderna, desplegandoestilos musicales, colores ymagia a trav\u00e9s de historias,mitos y leyendas Sagrado M\u00fasica coralconcebida para sercantada en contextosespirituales y dereflexi\u00f3n,interpretada a capellao conacompa\u00f1amiento. Pregones Navide\u00f1os Voces infantiles que anuncian la alegr\u00eda de la navidad. La estrella de bel\u00e9n Canciones alegres que regocijan el esp\u00edritu, haciendo de esta \u00e9poca navide\u00f1a, una oportunidad para cosechar los mas bonitos sentimientos y compartirlos con quienes nos rodean. Hay motivos para so\u00f1ar Repertorio de villancicos tradicionales y canciones navide\u00f1as del mundo. Peque\u00f1os ensambles navide\u00f1os Los villancicos tradicionales cobran vida con una propuesta esc\u00e9nica cautivadora, que invita a celebrar la magia navide\u00f1a. Contrata a Sirenaica para tus Eventos Navide\u00f1os \u00bfQuieres tener un diciembre \u00fanico e inolvidable? \u00a1No busques m\u00e1s! Sirenaica, est\u00e1 listo para llevar el esplendor de la navidad a tu celebraci\u00f3n. Con voces angelicales y un repertorio sin igual, convertir\u00e1n tu evento en una experiencia inolvidable. Conoce como celebrar la navidad con Sirenaica Cont\u00e1ctanos imejia@fundacionsirenaica.org +57 310 425 35 54 @fundacionsirenaica Sirenaica Sirenaica","og_url":"https:\/\/fundacionsirenaica.org\/home\/nuestro-portafolio\/","og_site_name":"Fundaci\u00f3n Sirenaica","article_modified_time":"2024-09-20T22:53:54+00:00","og_image":[{"url":"https:\/\/fundacionsirenaica.org\/home\/wp-content\/uploads\/2022\/08\/portafolio-300x272.png","type":"","width":"","height":""}],"twitter_card":"summary_large_image","twitter_misc":{"Tiempo de lectura":"6 minutos"},"schema":{"@context":"https:\/\/schema.org","@graph":[{"@type":"WebPage","@id":"https:\/\/fundacionsirenaica.org\/home\/nuestro-portafolio\/","url":"https:\/\/fundacionsirenaica.org\/home\/nuestro-portafolio\/","name":"Portafolio - Fundaci\u00f3n Sirenaica","isPartOf":{"@id":"https:\/\/fundacionsirenaica.org\/home\/#website"},"primaryImageOfPage":{"@id":"https:\/\/fundacionsirenaica.org\/home\/nuestro-portafolio\/#primaryimage"},"image":{"@id":"https:\/\/fundacionsirenaica.org\/home\/nuestro-portafolio\/#primaryimage"},"thumbnailUrl":"https:\/\/fundacionsirenaica.org\/home\/wp-content\/uploads\/2022\/08\/portafolio-300x272.png","datePublished":"2020-06-06T15:33:24+00:00","dateModified":"2024-09-20T22:53:54+00:00","breadcrumb":{"@id":"https:\/\/fundacionsirenaica.org\/home\/nuestro-portafolio\/#breadcrumb"},"inLanguage":"es","potentialAction":[{"@type":"ReadAction","target":["https:\/\/fundacionsirenaica.org\/home\/nuestro-portafolio\/"]}]},{"@type":"ImageObject","inLanguage":"es","@id":"https:\/\/fundacionsirenaica.org\/home\/nuestro-portafolio\/#primaryimage","url":"https:\/\/fundacionsirenaica.org\/home\/wp-content\/uploads\/2022\/08\/portafolio.png","contentUrl":"https:\/\/fundacionsirenaica.org\/home\/wp-content\/uploads\/2022\/08\/portafolio.png","width":500,"height":453},{"@type":"BreadcrumbList","@id":"https:\/\/fundacionsirenaica.org\/home\/nuestro-portafolio\/#breadcrumb","itemListElement":[{"@type":"ListItem","position":1,"name":"Portada","item":"https:\/\/fundacionsirenaica.org\/home\/"},{"@type":"ListItem","position":2,"name":"Portafolio"}]},{"@type":"WebSite","@id":"https:\/\/fundacionsirenaica.org\/home\/#website","url":"https:\/\/fundacionsirenaica.org\/home\/","name":"Fundaci\u00f3n Sirenaica","description":"","publisher":{"@id":"https:\/\/fundacionsirenaica.org\/home\/#organization"},"potentialAction":[{"@type":"SearchAction","target":{"@type":"EntryPoint","urlTemplate":"https:\/\/fundacionsirenaica.org\/home\/?s={search_term_string}"},"query-input":{"@type":"PropertyValueSpecification","valueRequired":true,"valueName":"search_term_string"}}],"inLanguage":"es"},{"@type":"Organization","@id":"https:\/\/fundacionsirenaica.org\/home\/#organization","name":"Fundaci\u00f3n Sirenaica","url":"https:\/\/fundacionsirenaica.org\/home\/","logo":{"@type":"ImageObject","inLanguage":"es","@id":"https:\/\/fundacionsirenaica.org\/home\/#\/schema\/logo\/image\/","url":"https:\/\/fundacionsirenaica.org\/home\/wp-content\/uploads\/2024\/08\/Logo-Sireniaca-Nuevo.webp","contentUrl":"https:\/\/fundacionsirenaica.org\/home\/wp-content\/uploads\/2024\/08\/Logo-Sireniaca-Nuevo.webp","width":800,"height":309,"caption":"Fundaci\u00f3n Sirenaica"},"image":{"@id":"https:\/\/fundacionsirenaica.org\/home\/#\/schema\/logo\/image\/"}}]}},"_links":{"self":[{"href":"https:\/\/fundacionsirenaica.org\/home\/wp-json\/wp\/v2\/pages\/8470","targetHints":{"allow":["GET"]}}],"collection":[{"href":"https:\/\/fundacionsirenaica.org\/home\/wp-json\/wp\/v2\/pages"}],"about":[{"href":"https:\/\/fundacionsirenaica.org\/home\/wp-json\/wp\/v2\/types\/page"}],"author":[{"embeddable":true,"href":"https:\/\/fundacionsirenaica.org\/home\/wp-json\/wp\/v2\/users\/1"}],"replies":[{"embeddable":true,"href":"https:\/\/fundacionsirenaica.org\/home\/wp-json\/wp\/v2\/comments?post=8470"}],"version-history":[{"count":119,"href":"https:\/\/fundacionsirenaica.org\/home\/wp-json\/wp\/v2\/pages\/8470\/revisions"}],"predecessor-version":[{"id":11231,"href":"https:\/\/fundacionsirenaica.org\/home\/wp-json\/wp\/v2\/pages\/8470\/revisions\/11231"}],"wp:attachment":[{"href":"https:\/\/fundacionsirenaica.org\/home\/wp-json\/wp\/v2\/media?parent=8470"}],"curies":[{"name":"wp","href":"https:\/\/api.w.org\/{rel}","templated":true}]}}